{"id":1071,"date":"2016-05-16T10:45:38","date_gmt":"2016-05-16T10:45:38","guid":{"rendered":"http:\/\/festivalursus.com\/?page_id=1071"},"modified":"2016-05-16T11:30:24","modified_gmt":"2016-05-16T11:30:24","slug":"peter-in-volk","status":"publish","type":"page","link":"http:\/\/festivalursus.com\/?page_id=1071&lang=sl","title":{"rendered":"Peter in volk"},"content":{"rendered":"<p>Koncert 19. julija 2015<\/p>\n<p>sodelujo\u010di:<\/p>\n<p>pripovedovalka: Nika Vogri\u010d De\u017eman<br \/>\nilustratorka: Teja Ple\u010dnik<\/p>\n<p>glasbeniki:<br \/>\nMarko Zupan, flavta<br \/>\n\u017diva Lo\u0161trek, oboa<br \/>\nAlja\u017e Begu\u0161, klarinet<br \/>\nZhibai Zhang, fagot<br \/>\nMihajlo Bulaji\u0107, rog<\/p>\n<p><iframe loading=\"lazy\" width=\"700\" height=\"394\" src=\"https:\/\/www.youtube.com\/embed\/n5Gf63M3q9U?feature=oembed\" frameborder=\"0\" allowfullscreen><\/iframe><\/p>\n<p><a href=\"http:\/\/festivalursus.com\/wp-content\/uploads\/2016\/05\/5-5.jpg\" target=\"_blank\"><img decoding=\"async\" loading=\"lazy\" class=\"alignnone wp-image-1075 size-medium\" src=\"http:\/\/festivalursus.com\/wp-content\/uploads\/2016\/05\/5-5-300x169.jpg\" alt=\"5\" width=\"300\" height=\"169\" srcset=\"http:\/\/festivalursus.com\/wp-content\/uploads\/2016\/05\/5-5-300x169.jpg 300w, http:\/\/festivalursus.com\/wp-content\/uploads\/2016\/05\/5-5-768x433.jpg 768w, http:\/\/festivalursus.com\/wp-content\/uploads\/2016\/05\/5-5-552x311.jpg 552w, http:\/\/festivalursus.com\/wp-content\/uploads\/2016\/05\/5-5.jpg 960w\" sizes=\"(max-width: 300px) 100vw, 300px\" \/><\/a> <a href=\"http:\/\/festivalursus.com\/wp-content\/uploads\/2016\/05\/6-7.jpg\" target=\"_blank\"><img decoding=\"async\" loading=\"lazy\" class=\"alignnone wp-image-1076 size-medium\" src=\"http:\/\/festivalursus.com\/wp-content\/uploads\/2016\/05\/6-7-300x169.jpg\" alt=\"6\" width=\"300\" height=\"169\" srcset=\"http:\/\/festivalursus.com\/wp-content\/uploads\/2016\/05\/6-7-300x169.jpg 300w, http:\/\/festivalursus.com\/wp-content\/uploads\/2016\/05\/6-7-768x433.jpg 768w, http:\/\/festivalursus.com\/wp-content\/uploads\/2016\/05\/6-7-552x311.jpg 552w, http:\/\/festivalursus.com\/wp-content\/uploads\/2016\/05\/6-7.jpg 960w\" sizes=\"(max-width: 300px) 100vw, 300px\" \/><\/a> <a href=\"http:\/\/festivalursus.com\/wp-content\/uploads\/2016\/05\/7-7.jpg\" target=\"_blank\"><img decoding=\"async\" loading=\"lazy\" class=\"alignnone wp-image-1077 size-medium\" src=\"http:\/\/festivalursus.com\/wp-content\/uploads\/2016\/05\/7-7-300x168.jpg\" alt=\"7\" width=\"300\" height=\"168\" srcset=\"http:\/\/festivalursus.com\/wp-content\/uploads\/2016\/05\/7-7-300x168.jpg 300w, http:\/\/festivalursus.com\/wp-content\/uploads\/2016\/05\/7-7-768x429.jpg 768w, http:\/\/festivalursus.com\/wp-content\/uploads\/2016\/05\/7-7-1024x573.jpg 1024w, http:\/\/festivalursus.com\/wp-content\/uploads\/2016\/05\/7-7-1140x637.jpg 1140w, http:\/\/festivalursus.com\/wp-content\/uploads\/2016\/05\/7-7-552x309.jpg 552w, http:\/\/festivalursus.com\/wp-content\/uploads\/2016\/05\/7-7.jpg 1436w\" sizes=\"(max-width: 300px) 100vw, 300px\" \/><\/a> <a href=\"http:\/\/festivalursus.com\/wp-content\/uploads\/2016\/05\/9-7.jpg\" target=\"_blank\"><img decoding=\"async\" loading=\"lazy\" class=\"alignnone wp-image-1079 size-medium\" src=\"http:\/\/festivalursus.com\/wp-content\/uploads\/2016\/05\/9-7-300x168.jpg\" alt=\"9\" width=\"300\" height=\"168\" srcset=\"http:\/\/festivalursus.com\/wp-content\/uploads\/2016\/05\/9-7-300x168.jpg 300w, http:\/\/festivalursus.com\/wp-content\/uploads\/2016\/05\/9-7-768x431.jpg 768w, http:\/\/festivalursus.com\/wp-content\/uploads\/2016\/05\/9-7-1024x574.jpg 1024w, http:\/\/festivalursus.com\/wp-content\/uploads\/2016\/05\/9-7-1140x639.jpg 1140w, http:\/\/festivalursus.com\/wp-content\/uploads\/2016\/05\/9-7-552x310.jpg 552w, http:\/\/festivalursus.com\/wp-content\/uploads\/2016\/05\/9-7.jpg 1439w\" sizes=\"(max-width: 300px) 100vw, 300px\" \/><\/a><a href=\"http:\/\/festivalursus.com\/wp-content\/uploads\/2016\/05\/11-5.jpg\" target=\"_blank\"><img decoding=\"async\" loading=\"lazy\" class=\"alignnone wp-image-1081 size-medium\" src=\"http:\/\/festivalursus.com\/wp-content\/uploads\/2016\/05\/11-5-300x168.jpg\" alt=\"11\" width=\"300\" height=\"168\" srcset=\"http:\/\/festivalursus.com\/wp-content\/uploads\/2016\/05\/11-5-300x168.jpg 300w, http:\/\/festivalursus.com\/wp-content\/uploads\/2016\/05\/11-5-768x430.jpg 768w, http:\/\/festivalursus.com\/wp-content\/uploads\/2016\/05\/11-5-1024x574.jpg 1024w, http:\/\/festivalursus.com\/wp-content\/uploads\/2016\/05\/11-5-1140x639.jpg 1140w, http:\/\/festivalursus.com\/wp-content\/uploads\/2016\/05\/11-5-552x309.jpg 552w, http:\/\/festivalursus.com\/wp-content\/uploads\/2016\/05\/11-5.jpg 1438w\" sizes=\"(max-width: 300px) 100vw, 300px\" \/><\/a><a href=\"http:\/\/festivalursus.com\/wp-content\/uploads\/2016\/05\/8-7.jpg\" target=\"_blank\"><img decoding=\"async\" loading=\"lazy\" class=\"alignnone wp-image-1078 size-medium\" src=\"http:\/\/festivalursus.com\/wp-content\/uploads\/2016\/05\/8-7-300x168.jpg\" alt=\"8\" width=\"300\" height=\"168\" srcset=\"http:\/\/festivalursus.com\/wp-content\/uploads\/2016\/05\/8-7-300x168.jpg 300w, http:\/\/festivalursus.com\/wp-content\/uploads\/2016\/05\/8-7-768x429.jpg 768w, http:\/\/festivalursus.com\/wp-content\/uploads\/2016\/05\/8-7-1024x572.jpg 1024w, http:\/\/festivalursus.com\/wp-content\/uploads\/2016\/05\/8-7-1140x637.jpg 1140w, http:\/\/festivalursus.com\/wp-content\/uploads\/2016\/05\/8-7-552x308.jpg 552w, http:\/\/festivalursus.com\/wp-content\/uploads\/2016\/05\/8-7.jpg 1439w\" sizes=\"(max-width: 300px) 100vw, 300px\" \/><\/a> \u00a0<a href=\"http:\/\/festivalursus.com\/wp-content\/uploads\/2016\/05\/10-5.jpg\" target=\"_blank\"><img decoding=\"async\" loading=\"lazy\" class=\"alignnone wp-image-1080 size-medium\" src=\"http:\/\/festivalursus.com\/wp-content\/uploads\/2016\/05\/10-5-300x168.jpg\" alt=\"10\" width=\"300\" height=\"168\" srcset=\"http:\/\/festivalursus.com\/wp-content\/uploads\/2016\/05\/10-5-300x168.jpg 300w, http:\/\/festivalursus.com\/wp-content\/uploads\/2016\/05\/10-5-768x430.jpg 768w, http:\/\/festivalursus.com\/wp-content\/uploads\/2016\/05\/10-5-1024x573.jpg 1024w, http:\/\/festivalursus.com\/wp-content\/uploads\/2016\/05\/10-5-1140x638.jpg 1140w, http:\/\/festivalursus.com\/wp-content\/uploads\/2016\/05\/10-5-552x309.jpg 552w, http:\/\/festivalursus.com\/wp-content\/uploads\/2016\/05\/10-5.jpg 1440w\" sizes=\"(max-width: 300px) 100vw, 300px\" \/><\/a>\u00a0\u00a0<a href=\"http:\/\/festivalursus.com\/wp-content\/uploads\/2016\/05\/12-5.jpg\" target=\"_blank\"><img decoding=\"async\" loading=\"lazy\" class=\"alignnone wp-image-1082 size-medium\" src=\"http:\/\/festivalursus.com\/wp-content\/uploads\/2016\/05\/12-5-300x167.jpg\" alt=\"12\" width=\"300\" height=\"167\" srcset=\"http:\/\/festivalursus.com\/wp-content\/uploads\/2016\/05\/12-5-300x167.jpg 300w, http:\/\/festivalursus.com\/wp-content\/uploads\/2016\/05\/12-5-768x428.jpg 768w, http:\/\/festivalursus.com\/wp-content\/uploads\/2016\/05\/12-5-1024x571.jpg 1024w, http:\/\/festivalursus.com\/wp-content\/uploads\/2016\/05\/12-5-1140x635.jpg 1140w, http:\/\/festivalursus.com\/wp-content\/uploads\/2016\/05\/12-5-552x308.jpg 552w, http:\/\/festivalursus.com\/wp-content\/uploads\/2016\/05\/12-5.jpg 1439w\" sizes=\"(max-width: 300px) 100vw, 300px\" \/><\/a> <a href=\"http:\/\/festivalursus.com\/wp-content\/uploads\/2016\/05\/13-5.jpg\" target=\"_blank\"><img decoding=\"async\" loading=\"lazy\" class=\"alignnone wp-image-1083 size-medium\" src=\"http:\/\/festivalursus.com\/wp-content\/uploads\/2016\/05\/13-5-300x170.jpg\" alt=\"13\" width=\"300\" height=\"170\" srcset=\"http:\/\/festivalursus.com\/wp-content\/uploads\/2016\/05\/13-5-300x170.jpg 300w, http:\/\/festivalursus.com\/wp-content\/uploads\/2016\/05\/13-5-768x436.jpg 768w, http:\/\/festivalursus.com\/wp-content\/uploads\/2016\/05\/13-5-552x313.jpg 552w, http:\/\/festivalursus.com\/wp-content\/uploads\/2016\/05\/13-5.jpg 960w\" sizes=\"(max-width: 300px) 100vw, 300px\" \/><\/a> \u00a0<a href=\"http:\/\/festivalursus.com\/wp-content\/uploads\/2016\/05\/14-5.jpg\" target=\"_blank\"><img decoding=\"async\" loading=\"lazy\" class=\"alignnone wp-image-1084 size-medium\" src=\"http:\/\/festivalursus.com\/wp-content\/uploads\/2016\/05\/14-5-300x168.jpg\" alt=\"14\" width=\"300\" height=\"168\" srcset=\"http:\/\/festivalursus.com\/wp-content\/uploads\/2016\/05\/14-5-300x168.jpg 300w, http:\/\/festivalursus.com\/wp-content\/uploads\/2016\/05\/14-5-768x430.jpg 768w, http:\/\/festivalursus.com\/wp-content\/uploads\/2016\/05\/14-5-552x309.jpg 552w, http:\/\/festivalursus.com\/wp-content\/uploads\/2016\/05\/14-5.jpg 960w\" sizes=\"(max-width: 300px) 100vw, 300px\" \/><\/a>\u00a0\u00a0<a href=\"http:\/\/festivalursus.com\/wp-content\/uploads\/2016\/05\/1-5.jpg\" target=\"_blank\"><img decoding=\"async\" loading=\"lazy\" class=\"alignnone wp-image-1087 size-medium\" src=\"http:\/\/festivalursus.com\/wp-content\/uploads\/2016\/05\/1-5-300x168.jpg\" alt=\"1\" width=\"300\" height=\"168\" srcset=\"http:\/\/festivalursus.com\/wp-content\/uploads\/2016\/05\/1-5-300x168.jpg 300w, http:\/\/festivalursus.com\/wp-content\/uploads\/2016\/05\/1-5-768x429.jpg 768w, http:\/\/festivalursus.com\/wp-content\/uploads\/2016\/05\/1-5-1024x573.jpg 1024w, http:\/\/festivalursus.com\/wp-content\/uploads\/2016\/05\/1-5-1140x637.jpg 1140w, http:\/\/festivalursus.com\/wp-content\/uploads\/2016\/05\/1-5-552x309.jpg 552w, http:\/\/festivalursus.com\/wp-content\/uploads\/2016\/05\/1-5.jpg 1438w\" sizes=\"(max-width: 300px) 100vw, 300px\" \/><\/a>\u00a0<a href=\"http:\/\/festivalursus.com\/wp-content\/uploads\/2016\/05\/2-5.jpg\" target=\"_blank\"><img decoding=\"async\" loading=\"lazy\" class=\"alignnone wp-image-1088 size-medium\" src=\"http:\/\/festivalursus.com\/wp-content\/uploads\/2016\/05\/2-5-300x168.jpg\" alt=\"2\" width=\"300\" height=\"168\" srcset=\"http:\/\/festivalursus.com\/wp-content\/uploads\/2016\/05\/2-5-300x168.jpg 300w, http:\/\/festivalursus.com\/wp-content\/uploads\/2016\/05\/2-5-768x431.jpg 768w, http:\/\/festivalursus.com\/wp-content\/uploads\/2016\/05\/2-5-1024x574.jpg 1024w, http:\/\/festivalursus.com\/wp-content\/uploads\/2016\/05\/2-5-1140x639.jpg 1140w, http:\/\/festivalursus.com\/wp-content\/uploads\/2016\/05\/2-5-552x310.jpg 552w, http:\/\/festivalursus.com\/wp-content\/uploads\/2016\/05\/2-5.jpg 1437w\" sizes=\"(max-width: 300px) 100vw, 300px\" \/><\/a> <a href=\"http:\/\/festivalursus.com\/wp-content\/uploads\/2016\/05\/3-7.jpg\" target=\"_blank\"><img decoding=\"async\" loading=\"lazy\" class=\"alignnone wp-image-1089 size-medium\" src=\"http:\/\/festivalursus.com\/wp-content\/uploads\/2016\/05\/3-7-300x168.jpg\" alt=\"3\" width=\"300\" height=\"168\" srcset=\"http:\/\/festivalursus.com\/wp-content\/uploads\/2016\/05\/3-7-300x168.jpg 300w, http:\/\/festivalursus.com\/wp-content\/uploads\/2016\/05\/3-7-768x430.jpg 768w, http:\/\/festivalursus.com\/wp-content\/uploads\/2016\/05\/3-7-1024x573.jpg 1024w, http:\/\/festivalursus.com\/wp-content\/uploads\/2016\/05\/3-7-1140x638.jpg 1140w, http:\/\/festivalursus.com\/wp-content\/uploads\/2016\/05\/3-7-552x309.jpg 552w, http:\/\/festivalursus.com\/wp-content\/uploads\/2016\/05\/3-7.jpg 1438w\" sizes=\"(max-width: 300px) 100vw, 300px\" \/><\/a> <a href=\"http:\/\/festivalursus.com\/wp-content\/uploads\/2016\/05\/4-7.jpg\" target=\"_blank\"><img decoding=\"async\" loading=\"lazy\" class=\"alignnone wp-image-1090 size-medium\" src=\"http:\/\/festivalursus.com\/wp-content\/uploads\/2016\/05\/4-7-300x169.jpg\" alt=\"4\" width=\"300\" height=\"169\" srcset=\"http:\/\/festivalursus.com\/wp-content\/uploads\/2016\/05\/4-7-300x169.jpg 300w, http:\/\/festivalursus.com\/wp-content\/uploads\/2016\/05\/4-7-768x434.jpg 768w, http:\/\/festivalursus.com\/wp-content\/uploads\/2016\/05\/4-7-552x312.jpg 552w, http:\/\/festivalursus.com\/wp-content\/uploads\/2016\/05\/4-7.jpg 960w\" sizes=\"(max-width: 300px) 100vw, 300px\" \/><\/a><a href=\"http:\/\/festivalursus.com\/wp-content\/uploads\/2016\/05\/15-5.jpg\" target=\"_blank\"><img decoding=\"async\" loading=\"lazy\" class=\"alignnone wp-image-1085 size-medium\" src=\"http:\/\/festivalursus.com\/wp-content\/uploads\/2016\/05\/15-5-300x169.jpg\" alt=\"15\" width=\"300\" height=\"169\" srcset=\"http:\/\/festivalursus.com\/wp-content\/uploads\/2016\/05\/15-5-300x169.jpg 300w, http:\/\/festivalursus.com\/wp-content\/uploads\/2016\/05\/15-5-768x434.jpg 768w, http:\/\/festivalursus.com\/wp-content\/uploads\/2016\/05\/15-5-552x312.jpg 552w, http:\/\/festivalursus.com\/wp-content\/uploads\/2016\/05\/15-5.jpg 960w\" sizes=\"(max-width: 300px) 100vw, 300px\" \/><\/a><a href=\"http:\/\/festivalursus.com\/wp-content\/uploads\/2016\/05\/16-3.jpg\" target=\"_blank\"><img decoding=\"async\" loading=\"lazy\" class=\"alignnone wp-image-1086 size-medium\" src=\"http:\/\/festivalursus.com\/wp-content\/uploads\/2016\/05\/16-3-300x168.jpg\" alt=\"16\" width=\"300\" height=\"168\" srcset=\"http:\/\/festivalursus.com\/wp-content\/uploads\/2016\/05\/16-3-300x168.jpg 300w, http:\/\/festivalursus.com\/wp-content\/uploads\/2016\/05\/16-3-768x430.jpg 768w, http:\/\/festivalursus.com\/wp-content\/uploads\/2016\/05\/16-3-552x309.jpg 552w, http:\/\/festivalursus.com\/wp-content\/uploads\/2016\/05\/16-3.jpg 960w\" sizes=\"(max-width: 300px) 100vw, 300px\" \/><\/a><\/p>\n<p><strong>Nika Vogri\u010d De\u017eman<\/strong> (Slovenija)<\/p>\n<p><a href=\"http:\/\/festivalursus.com\/wp-content\/uploads\/2016\/05\/Nika-1.jpg\" target=\"_blank\"><img decoding=\"async\" loading=\"lazy\" class=\"alignleft wp-image-644 size-medium\" src=\"http:\/\/festivalursus.com\/wp-content\/uploads\/2016\/05\/Nika-1-225x300.jpg\" alt=\"Nika\" width=\"225\" height=\"300\" srcset=\"http:\/\/festivalursus.com\/wp-content\/uploads\/2016\/05\/Nika-1-225x300.jpg 225w, http:\/\/festivalursus.com\/wp-content\/uploads\/2016\/05\/Nika-1-552x736.jpg 552w, http:\/\/festivalursus.com\/wp-content\/uploads\/2016\/05\/Nika-1.jpg 720w\" sizes=\"(max-width: 225px) 100vw, 225px\" \/><\/a>Nika Vogri\u010d De\u017eman je obiskovala A\u0161ker\u010devo gimnazijo in Srednjo glasbeno \u0161olo kot flavtistka, sedaj pa \u0161tudira muzikologijo na Filozofski fakulteti. Nikina umetni\u0161ka aktivnost je \u017ee od mladih nog zaobjemala ve\u010d podro\u010dij in ne le glasbo. Na ni\u017eji glasbeni \u0161oli v Logatcu je tako redno sodelovala na glasbeno-dramskih predstavah, prav tako je bila aktivna v razli\u010dnih dramskih skupinah na osnovni \u0161oli. Tekom \u0161tudija in srednje \u0161ole so jo za\u010dele zanimati razli\u010dne glasbene zvrsti in glasbeni performansi, zato se je odlo\u010dila za \u0161tudij muzikologije. Redno sodeluje pri izvedbi dramskih \u0161ansonov Toma\u017ea Ivi\u010da, prav tako je kot igralka in pripovedovalka aktivna na razli\u010dnih prireditvah v doma\u010dem kraju in festivalih drugod (festival Kamfest v kamniku). Je \u010dlanica zasedbe sra\u010dji dol, ki z lastimi otro\u0161kimi predstavami gostuje na festivalih kot; Grad gori, Kamfest, festival PUF,\u2026..<\/p>\n<p><strong>Teja Ple\u010dnik<\/strong> (Slovenija)<\/p>\n<p><a href=\"http:\/\/festivalursus.com\/wp-content\/uploads\/2016\/05\/Teja-1.jpg\" target=\"_blank\"><img decoding=\"async\" loading=\"lazy\" class=\"alignleft wp-image-622 size-medium\" src=\"http:\/\/festivalursus.com\/wp-content\/uploads\/2016\/05\/Teja-1-290x300.jpg\" alt=\"Teja\" width=\"290\" height=\"300\" srcset=\"http:\/\/festivalursus.com\/wp-content\/uploads\/2016\/05\/Teja-1-290x300.jpg 290w, http:\/\/festivalursus.com\/wp-content\/uploads\/2016\/05\/Teja-1-552x571.jpg 552w, http:\/\/festivalursus.com\/wp-content\/uploads\/2016\/05\/Teja-1.jpg 696w\" sizes=\"(max-width: 290px) 100vw, 290px\" \/><\/a>Teja Ple\u010dnik je umetnica, ki rada ri\u0161e in ustvarja ko jo pi\u010di in nikoli ko je treba. Ko je bila \u0161e majhna so rekli, da je svojeglava in posebna. Skozi osnovno\u0161olska leta je rada risala, pela in se udejstvovala likovnih in dramskih krozkov. Barvice, kemik, tu\u0161, svin\u010dnik, vodenke, glina, skicirka in platno so \u2018svet\u2019, kjer se zrcalijo njene misli, navdihi, dobri in slabi trenutki, \u010dustveni izlivi. Ti njeni prijatelj\u010dki iz otro\u0161kih dni so krivi, da je diplomirala iz likovne pedagogike in od\u0161la v tujino poizkusit sre\u010do. V iskanju same sebe se je odlo\u010dila vrniti in narediti nekaj za svojo du\u0161o. Rada ri\u0161e, tiska grafike, slika platna, stenske poslikave. Zadnje case se osredotoca na otoke. Na mlaj\u0161e in malo starej\u0161e, tiste igrive in polne domi\u0161ljije. V letosnjem letu se posveca ilustraciji.<\/p>\n<p><strong>Marko Zupan<\/strong> (Slovenija)<\/p>\n<p><a href=\"http:\/\/festivalursus.com\/wp-content\/uploads\/2016\/05\/Marko1-1.jpg\" target=\"_blank\"><img decoding=\"async\" loading=\"lazy\" class=\"alignleft wp-image-643 size-medium\" src=\"http:\/\/festivalursus.com\/wp-content\/uploads\/2016\/05\/Marko1-1-300x216.jpg\" alt=\"Marko1\" width=\"300\" height=\"216\" srcset=\"http:\/\/festivalursus.com\/wp-content\/uploads\/2016\/05\/Marko1-1-300x216.jpg 300w, http:\/\/festivalursus.com\/wp-content\/uploads\/2016\/05\/Marko1-1-768x553.jpg 768w, http:\/\/festivalursus.com\/wp-content\/uploads\/2016\/05\/Marko1-1-1024x737.jpg 1024w, http:\/\/festivalursus.com\/wp-content\/uploads\/2016\/05\/Marko1-1-1140x820.jpg 1140w, http:\/\/festivalursus.com\/wp-content\/uploads\/2016\/05\/Marko1-1-552x397.jpg 552w, http:\/\/festivalursus.com\/wp-content\/uploads\/2016\/05\/Marko1-1.jpg 2048w\" sizes=\"(max-width: 300px) 100vw, 300px\" \/><\/a><\/p>\n<div>Marko Zupan se je flavto za\u010del u\u010diti v glasbeni \u0161oli v Zagorju. Po kon\u010dani Akademiji za glasbo v Ljubljani je \u0161tudij nadaljeval v Parizu (Pierre-Yves Artaud), kjer je osvojil Diplome superiere de Concertiste in zatem \u0161e v na Mozarteumu v Salzburgu (Irena Grafenauer). Izpopolnjeval se je na mojstrskih te\u010dajih pri priznanih svetovnih flavtistih, kot so Aurele Nicolet, Peter-Lukas Graf in Emmanuel Pahud. V tem \u010dasu je bil nagrajenec \u0161tevilnih dr\u017eavnih in mednarodnih tekmovanj (Trst, Picardie, Beograd, Braunschweig). V letu 2008 je bil solo flavtist Sudetske filharmonije in leto kasneje Dr\u017eavnega brandenbur\u0161kega teatra v Cootbusu. Od leta 2009 \u017eivi in deluje kot svobodni umetnik v Berlinu. Koncertira kot solist, v razli\u010dnih komornih zasedbah in kot solo flavtist igra v orkestrih Berliner Symphoniker, Philharmonie der Nationen, Evian Festival Orchestra in Neues Kammerorchester Potsdam. Njegova glasbena pot ga je popeljala po celi Evropi, Zdru\u017eenih dr\u017eavah Amerike, Kitajski, Vietnamu, Japonski in Al\u017eiriji.<\/div>\n<div>Pred kratkim je posnel dve CD plo\u0161\u010di. eno s Triom Susak (flavta, saksofon, klavir) in drugo z flavtistom Borisom Bizjakom in pianistko Yoko Misumi z deli klasi\u010dnega in romanti\u010dnega repertoarja.<\/div>\n<div>Je asistent na Akademiji za glasbo Splitu in voditelj mojstrskega te\u010daja za flavto v Ka\u0161teli (Hrva\u0161ka), leta 2013 pa je pri zalo\u017ebi Svitzer izdal orkestrske sole za flavto v prirebi za kvartet flavt, pedago\u0161ko metodo za \u0161tudij zahtevnega orkestrskega repertoarja.<br \/>\nJe ustanovitelj in umetni\u0161ki vodja Mednarodnega glasbenega festivala Ursus.<\/div>\n<p>&nbsp;<\/p>\n<p><strong>\u017diva Lo\u0161trek<\/strong> (Slovenija)<\/p>\n<p><a href=\"http:\/\/festivalursus.com\/wp-content\/uploads\/2016\/05\/10421981_907050775977960_2601447766459493539_n-1.jpg\" target=\"_blank\"><img decoding=\"async\" loading=\"lazy\" class=\"alignleft wp-image-630 size-medium\" src=\"http:\/\/festivalursus.com\/wp-content\/uploads\/2016\/05\/10421981_907050775977960_2601447766459493539_n-1-300x200.jpg\" alt=\"10421981_907050775977960_2601447766459493539_n\" width=\"300\" height=\"200\" srcset=\"http:\/\/festivalursus.com\/wp-content\/uploads\/2016\/05\/10421981_907050775977960_2601447766459493539_n-1-300x200.jpg 300w, http:\/\/festivalursus.com\/wp-content\/uploads\/2016\/05\/10421981_907050775977960_2601447766459493539_n-1-768x512.jpg 768w, http:\/\/festivalursus.com\/wp-content\/uploads\/2016\/05\/10421981_907050775977960_2601447766459493539_n-1-552x368.jpg 552w, http:\/\/festivalursus.com\/wp-content\/uploads\/2016\/05\/10421981_907050775977960_2601447766459493539_n-1.jpg 960w\" sizes=\"(max-width: 300px) 100vw, 300px\" \/><\/a>\u017diva Lo\u0161trek je pri \u0161estih letih za\u010dela s poukom kljunaste flavte, pri osmih s klavirjem, pri desetih pa se je za\u010dela u\u010diti igranja oboe pri prof. Janezu Trevnu. Po kon\u010dani ni\u017eji glasbeni \u0161oli je \u0161tudij nadaljevala na Srednji glasbeni in baletni \u0161oli(SGB\u0160) v Ljubljani pri prof. Maji Kojc, za tem na Akademiji za glasbo v Ljubljani pri prof. Bo\u017eotu Rogelji, letos februarja pa je na Visoki \u0161oli za glasbo in ples v K\u00f6lnu v razredu prof. Keite Yamamoto zaklju\u010dila podiplomski \u0161tudij.\u00a0Tekom \u0161tudija je prejela ve\u010d nagrad; ve\u010d prvih nagrad na nacionalnem tekmovanju TEMSIG, \u0160kerjan\u010devo nagrado na SGB\u0160 in \u0161tudentsko Pre\u0161ernovo nagrado na Akademiji za glasbo, sodelovala je z razli\u010dnimi slovenskimi profesionalnimi orkestri, tudi kot solistka, trenutno pa deluje predvsem v tujini (Nem\u010dija), kjer igra na razli\u010dnih koncertih in festivalih v razli\u010dnih komornih zasedbah, kot orkestrska glasbenica in kot solistka.<\/p>\n<p><strong>Alja\u017e Begu\u0161<\/strong> (Slovenija)<\/p>\n<p><a href=\"http:\/\/festivalursus.com\/wp-content\/uploads\/2016\/05\/Begus-1.jpg\" target=\"_blank\"><img decoding=\"async\" loading=\"lazy\" class=\"alignleft wp-image-639 size-medium\" src=\"http:\/\/festivalursus.com\/wp-content\/uploads\/2016\/05\/Begus-1-300x199.jpg\" alt=\"Begus\" width=\"300\" height=\"199\" srcset=\"http:\/\/festivalursus.com\/wp-content\/uploads\/2016\/05\/Begus-1-300x199.jpg 300w, http:\/\/festivalursus.com\/wp-content\/uploads\/2016\/05\/Begus-1-768x509.jpg 768w, http:\/\/festivalursus.com\/wp-content\/uploads\/2016\/05\/Begus-1.jpg 1024w, http:\/\/festivalursus.com\/wp-content\/uploads\/2016\/05\/Begus-1-552x365.jpg 552w\" sizes=\"(max-width: 300px) 100vw, 300px\" \/><\/a><\/p>\n<div><\/div>\n<div>Alja\u017e Begu\u0161 se je rodil v Ljubljani leta 1985.Svojo pot je za\u010del v glasbeni \u0161oli Lj.Moste-Polje pri profesorjih Jo\u017eetu Kregarju in Francu Tr\u017eanu.S trinajstimi leti je bil sprejet na srednjo glasbeno in baletno \u0161olo, kasneje na akademijo za glasbo v Ljubljani, kjer je diplomiral v razredu Jo\u017eeta Kotarja. Leta 2008 je s \u0161tudijem nadaljeval na presti\u017eni Escuela Superior de Musica Reina Sofia v Madridu, kjer je leta 2010 kon\u010dal svoj podoplomski \u0161tudij v razredu Michela Arrignona.<\/div>\n<div>Alja\u017e Begu\u0161 je prejemnik petih prvih nagrad iz dr\u017eavnih tekmovanj TEMSIG (1995, 1998, 2001, 2004, 2005-kategorija:komorna igra), ter zmagovalec mednarodnih tekovanj kot so Citta\u2019 di Carlino in Marco Fiorindo (Italija, 2002) leta 2005 je prejel \u0161tudentsko Pre\u0161ernovo nagrado dve leti kasneje pa je bil polfinalist mednarodnega evrovizijskega tekmovanja EBU New Talent v Bratislavi. Leta 2014 se je s pihalnim kvintetom Spirito uvrstil v polfinale tekmovanja ARD. Igral je z glasbeniki,kot so: Dag Jensen, Nicholas Daniel, Enrico Bronzi, Bruno Canino, Dora Schwarzberg, Lorenza Borrani, Alexander Lonquich, Maria Joao Pires, Ensemble MidtVest..<\/div>\n<div>Sodeluje z orkestri kot so: Orchestra da Camera di Mantova, Spira Mirabilis, English National Opera, European Union Youth Orchestra, Gustav Mahler Jugend Orchester SNG Maribor, RTV Slovenia, Academia Sancti Petri,komorni orkester Festine in z orkestrom Slovenske Filharmonije. Kot solist je nastopil z vsemi omenjenimi Slovenskimi orkestri kot tudi z orkestri kot so: Gustav Mahler Jugendorchester, Jeaner Philharmonie, Orquesta da camara de Escuela Superior de Musica Reina Sofia, Orchestra da Camera di Mantova, Pihalni orkester akademije za glasbo ter RTV Big Bandom. Kot \u010dlan orkestrov ali komornih zasedb je nastopil na znanih festivalih: BBC Proms, Luzern Festival, Young Euro Classics, Bolzano Festival,Mantova Chambermusic Festival, Salzburger Festspiele, Kammermusikfest Lockenhaus.<\/div>\n<p>&nbsp;<\/p>\n<p><strong>Zhibai Zhang<\/strong> (Kitajska)<\/p>\n<p><a href=\"http:\/\/festivalursus.com\/wp-content\/uploads\/2016\/05\/AdobePhotoshopExpress_2015_06_18_10_19_05-1.jpg\" target=\"_blank\"><img decoding=\"async\" loading=\"lazy\" class=\"alignleft wp-image-638 size-medium\" src=\"http:\/\/festivalursus.com\/wp-content\/uploads\/2016\/05\/AdobePhotoshopExpress_2015_06_18_10_19_05-1-161x300.jpg\" alt=\"AdobePhotoshopExpress_2015_06_18_10_19_05\" width=\"161\" height=\"300\" srcset=\"http:\/\/festivalursus.com\/wp-content\/uploads\/2016\/05\/AdobePhotoshopExpress_2015_06_18_10_19_05-1-161x300.jpg 161w, http:\/\/festivalursus.com\/wp-content\/uploads\/2016\/05\/AdobePhotoshopExpress_2015_06_18_10_19_05-1-768x1429.jpg 768w, http:\/\/festivalursus.com\/wp-content\/uploads\/2016\/05\/AdobePhotoshopExpress_2015_06_18_10_19_05-1-551x1024.jpg 551w, http:\/\/festivalursus.com\/wp-content\/uploads\/2016\/05\/AdobePhotoshopExpress_2015_06_18_10_19_05-1-552x1027.jpg 552w, http:\/\/festivalursus.com\/wp-content\/uploads\/2016\/05\/AdobePhotoshopExpress_2015_06_18_10_19_05-1.jpg 1101w\" sizes=\"(max-width: 161px) 100vw, 161px\" \/><\/a><\/p>\n<div>Zhibai Zhang je rojen v mestu Liaoning na Kitajskem. Pri petnajstih letih se je preselil v Avstrijo, kjer je \u0161tudiral fagot pri prof. Richardu Galleru na Mozarteumu v Salzburgu. \u0160tudij je nadaljeval na Visoki \u0161oli za glasbo v Weimarju v razredu prof. Franka Forsta. Diplomiral je z odliko in nato svoje izpolnjevanje nadaljeval na \u0161tudijski smeri Konzertexam. V tem \u010dasu je postal tudi \u010dlan Zagreb\u0161ke filharmonije.<\/div>\n<div>Je nagrajenec mednarodnega tekmovanja Mozart v Roveretu, Italiji in mednarodnega tekmovanja Intermusica v Birkfeldu, Avstriji. Te nagrade so mu omogo\u010dile solisti\u010dne nastope z Haydn orkestrom v Trentu in Zagreb\u0161ko filharmonijo.<\/div>\n<div>Od leta 2013 je namestnik solofagotist v orkestru Kymi Sinfonietta na Finskem. Kot gost sodeluje z Mozarteum orkestrom v Salzburgu, islandskim simfoni\u010dnim orkestrom in Dala Sinfonietta na \u0160vedskem. Muziciral je z priznanimi dirigenti, kot so Dmitrij Kitajenko, Valery Gergiev, Sir Neville Marriner, Jes\u00fas L\u00f3pez Cobos in Dennis Russell Davies.<\/div>\n<p>&nbsp;<\/p>\n<p><strong>Mihajlo Bulaji\u0107<\/strong> (Srbija)<\/p>\n<p><a href=\"http:\/\/festivalursus.com\/wp-content\/uploads\/2016\/05\/Rog_Mihajlo-Bulajic-533x800-1.jpg\" target=\"_blank\"><img decoding=\"async\" loading=\"lazy\" class=\"alignleft wp-image-650 size-medium\" src=\"http:\/\/festivalursus.com\/wp-content\/uploads\/2016\/05\/Rog_Mihajlo-Bulajic-533x800-1-200x300.jpg\" alt=\"Rog_Mihajlo-Bulajic-533x800\" width=\"200\" height=\"300\" srcset=\"http:\/\/festivalursus.com\/wp-content\/uploads\/2016\/05\/Rog_Mihajlo-Bulajic-533x800-1-200x300.jpg 200w, http:\/\/festivalursus.com\/wp-content\/uploads\/2016\/05\/Rog_Mihajlo-Bulajic-533x800-1.jpg 533w\" sizes=\"(max-width: 200px) 100vw, 200px\" \/><\/a>Mihajlo Bulaji\u0107 je diplomiral na Akademiji za glasbo v Beogradu in bil dve leti \u010dlan pihalnega kvinteta Akademije za glasbo v Beogradu, s katerim je muziciral v vseh ve\u010djih dvoranah republike Srbije. Leta 2009 je postal redni \u010dlan evropskega mladinskega orkestra Gustav Mahler, od leta 2006 do 2010 pa je bil prvi solo hornist beograjske Opere. Leta 2010 se je zaposlil v Simfoni\u010dnem orkestru RTV Slovenija.<\/p>\n<div><\/div>\n","protected":false},"excerpt":{"rendered":"<p class=\"post-excerpt\">Koncert 19. julija 2015 sodelujo\u010di: pripovedovalka: Nika Vogri\u010d De\u017eman ilustratorka: Teja Ple\u010dnik glasbeniki: Marko Zupan, flavta \u017diva Lo\u0161trek, oboa Alja\u017e&#8230;<\/p>\n","protected":false},"author":1,"featured_media":0,"parent":0,"menu_order":0,"comment_status":"closed","ping_status":"closed","template":"","meta":[],"_links":{"self":[{"href":"http:\/\/festivalursus.com\/index.php?rest_route=\/wp\/v2\/pages\/1071"}],"collection":[{"href":"http:\/\/festivalursus.com\/index.php?rest_route=\/wp\/v2\/pages"}],"about":[{"href":"http:\/\/festivalursus.com\/index.php?rest_route=\/wp\/v2\/types\/page"}],"author":[{"embeddable":true,"href":"http:\/\/festivalursus.com\/index.php?rest_route=\/wp\/v2\/users\/1"}],"replies":[{"embeddable":true,"href":"http:\/\/festivalursus.com\/index.php?rest_route=%2Fwp%2Fv2%2Fcomments&post=1071"}],"version-history":[{"count":12,"href":"http:\/\/festivalursus.com\/index.php?rest_route=\/wp\/v2\/pages\/1071\/revisions"}],"predecessor-version":[{"id":1098,"href":"http:\/\/festivalursus.com\/index.php?rest_route=\/wp\/v2\/pages\/1071\/revisions\/1098"}],"wp:attachment":[{"href":"http:\/\/festivalursus.com\/index.php?rest_route=%2Fwp%2Fv2%2Fmedia&parent=1071"}],"curies":[{"name":"wp","href":"https:\/\/api.w.org\/{rel}","templated":true}]}}