{"id":1247,"date":"2016-05-16T19:22:15","date_gmt":"2016-05-16T19:22:15","guid":{"rendered":"http:\/\/festivalursus.com\/?page_id=1247"},"modified":"2016-05-16T19:22:15","modified_gmt":"2016-05-16T19:22:15","slug":"zagorski-oktet-2","status":"publish","type":"page","link":"http:\/\/festivalursus.com\/?page_id=1247&lang=sl","title":{"rendered":"Zagorski oktet"},"content":{"rendered":"<p><a href=\"http:\/\/festivalursus.com\/wp-content\/uploads\/2016\/05\/Zagorski-oktet.jpg\" target=\"_blank\"><img decoding=\"async\" loading=\"lazy\" class=\"aligncenter wp-image-1248\" src=\"http:\/\/festivalursus.com\/wp-content\/uploads\/2016\/05\/Zagorski-oktet-300x225.jpg\" alt=\"Zagorski oktet\" width=\"550\" height=\"413\" srcset=\"http:\/\/festivalursus.com\/wp-content\/uploads\/2016\/05\/Zagorski-oktet-300x225.jpg 300w, http:\/\/festivalursus.com\/wp-content\/uploads\/2016\/05\/Zagorski-oktet-768x576.jpg 768w, http:\/\/festivalursus.com\/wp-content\/uploads\/2016\/05\/Zagorski-oktet-1024x768.jpg 1024w, http:\/\/festivalursus.com\/wp-content\/uploads\/2016\/05\/Zagorski-oktet-1140x855.jpg 1140w, http:\/\/festivalursus.com\/wp-content\/uploads\/2016\/05\/Zagorski-oktet-552x414.jpg 552w, http:\/\/festivalursus.com\/wp-content\/uploads\/2016\/05\/Zagorski-oktet.jpg 2048w\" sizes=\"(max-width: 550px) 100vw, 550px\" \/><\/a><\/p>\n<p>Zamisli o ustanovitvi okteta so se porodile v glavah nekaterih pevskih zanesenjakov \u017ee v sedemdesetih letih prej\u0161njega stoletja, uresni\u010dile pa so se 19. novembra leta 1977, ko je bila izvedena javna avdicija. Na za\u010detku so delovali kot Oktet Delavsko prosvetnega dru\u0161tva Svoboda Zagorje ob Savi.<\/p>\n<p>Oktet je z nastopi pri\u010del \u017ee v letu 1978, svoj prvi samostojni koncert pa je izvedel 8. marca leta 1979 v Delavskem domu Zagorje. Istega leta so prvi\u010d nastopili na sre\u010danju oktetov v \u0160entjerneju, leto za tem pa so tudi prvi\u010d gostovali prek slovenskih meja v Omi\u0161u in v okviru festivala dalmatinskih klap navdu\u0161ili ob\u010dinstvo na samostojnem polno\u010dnem koncertu. Takrat se je tudi porodilo prijateljstvo s klapo Omi\u0161, leta 1983 pa so po gostovanju na avstrijskem \u0160tajerskem ta seznam obogatili \u0161e z me\u0161anim pevskim zborom Nestelbach. Proti koncu osemdesetih let se je uveljavilo sodelovanje ter skupni nastopi slovenskih rudarskih oktetov.<\/p>\n<p>V vseh letih delovanja je Zagorski oktet sodeloval na \u0161tevilnih prireditvah v ob\u010dini, s svojimi nastopi pa so pevci temeljito pre\u010desali slovenski prostor, ob tem pa imeli precej\u0161nje \u0161tevilo koncertov tudi na tujem.<\/p>\n<p>Program okteta zajema predvsem slovenske ljudske in umetne pesmi. Na njihovem obse\u017enem programu so tudi dela klasi\u010dne ter sakralne glasbe, posegajo pa tudi po dalmatinskih ter \u010drnskih duhovnih pesmih.<\/p>\n<p>Za svoje delo je Zagorski oktet prejel \u0161tevilna priznanja: plaketo dr. Slavka Gruma, najvi\u0161je priznanje Ob\u010dine Zagorje ob Savi za dose\u017eke na podro\u010dju kulture, srebrno priznanje Ob\u010dine Zagorje ob Savi, priznanje Zasavske pevske skupnosti, Grb mesta Omi\u0161, Grb avstrijske \u0160tajerske in druga. Razli\u010dna priznanja so za predanost petju prejeli tudi posamezni \u010dlani.<br \/>\nV oktetu pojejo:<\/p>\n<p>I. tenor: Kr\u017ei\u0161nik Toma\u017e, Strnad Milan<br \/>\nII. tenor: Kr\u017ei\u0161nik Gregor, \u0160krabar \u0160tefan<br \/>\nI. bas: Kogov\u0161ek Toma\u017e, O\u010dkon Jurij<br \/>\nII. bas: Ale\u0161 Razpotnik, Jenko Zdravko<\/p>\n<p>Zagorski oktet od leta 2002 vodi profesorica Ur\u0161ka M. Luzar.<\/p>\n<p><a href=\"https:\/\/www.facebook.com\/zagorskioktet\/\" target=\"_blank\">https:\/\/www.facebook.com\/zagorskioktet\/<\/a><\/p>\n","protected":false},"excerpt":{"rendered":"<p class=\"post-excerpt\">Zamisli o ustanovitvi okteta so se porodile v glavah nekaterih pevskih zanesenjakov \u017ee v sedemdesetih letih prej\u0161njega stoletja, uresni\u010dile pa&#8230;<\/p>\n","protected":false},"author":1,"featured_media":0,"parent":0,"menu_order":0,"comment_status":"closed","ping_status":"closed","template":"","meta":[],"_links":{"self":[{"href":"http:\/\/festivalursus.com\/index.php?rest_route=\/wp\/v2\/pages\/1247"}],"collection":[{"href":"http:\/\/festivalursus.com\/index.php?rest_route=\/wp\/v2\/pages"}],"about":[{"href":"http:\/\/festivalursus.com\/index.php?rest_route=\/wp\/v2\/types\/page"}],"author":[{"embeddable":true,"href":"http:\/\/festivalursus.com\/index.php?rest_route=\/wp\/v2\/users\/1"}],"replies":[{"embeddable":true,"href":"http:\/\/festivalursus.com\/index.php?rest_route=%2Fwp%2Fv2%2Fcomments&post=1247"}],"version-history":[{"count":2,"href":"http:\/\/festivalursus.com\/index.php?rest_route=\/wp\/v2\/pages\/1247\/revisions"}],"predecessor-version":[{"id":1250,"href":"http:\/\/festivalursus.com\/index.php?rest_route=\/wp\/v2\/pages\/1247\/revisions\/1250"}],"wp:attachment":[{"href":"http:\/\/festivalursus.com\/index.php?rest_route=%2Fwp%2Fv2%2Fmedia&parent=1247"}],"curies":[{"name":"wp","href":"https:\/\/api.w.org\/{rel}","templated":true}]}}