{"id":1273,"date":"2016-05-16T20:34:17","date_gmt":"2016-05-16T20:34:17","guid":{"rendered":"http:\/\/festivalursus.com\/?page_id=1273"},"modified":"2016-05-16T20:35:46","modified_gmt":"2016-05-16T20:35:46","slug":"minka-popovic-ganev-2","status":"publish","type":"page","link":"http:\/\/festivalursus.com\/?page_id=1273&lang=sl","title":{"rendered":"Minka Popovi\u0107 Ganev"},"content":{"rendered":"<p><a href=\"http:\/\/festivalursus.com\/wp-content\/uploads\/2016\/05\/11895235_854136288017671_3950957742030724700_o-1.jpg\" target=\"_blank\"><img decoding=\"async\" loading=\"lazy\" class=\"aligncenter wp-image-632\" src=\"http:\/\/festivalursus.com\/wp-content\/uploads\/2016\/05\/11895235_854136288017671_3950957742030724700_o-1-230x300.jpg\" alt=\"11895235_854136288017671_3950957742030724700_o (1)\" width=\"550\" height=\"717\" srcset=\"http:\/\/festivalursus.com\/wp-content\/uploads\/2016\/05\/11895235_854136288017671_3950957742030724700_o-1-230x300.jpg 230w, http:\/\/festivalursus.com\/wp-content\/uploads\/2016\/05\/11895235_854136288017671_3950957742030724700_o-1-768x1002.jpg 768w, http:\/\/festivalursus.com\/wp-content\/uploads\/2016\/05\/11895235_854136288017671_3950957742030724700_o-1-785x1024.jpg 785w, http:\/\/festivalursus.com\/wp-content\/uploads\/2016\/05\/11895235_854136288017671_3950957742030724700_o-1-1140x1487.jpg 1140w, http:\/\/festivalursus.com\/wp-content\/uploads\/2016\/05\/11895235_854136288017671_3950957742030724700_o-1-552x720.jpg 552w, http:\/\/festivalursus.com\/wp-content\/uploads\/2016\/05\/11895235_854136288017671_3950957742030724700_o-1.jpg 1570w\" sizes=\"(max-width: 550px) 100vw, 550px\" \/><\/a><\/p>\n<p>Minka Popovi\u0107 Ganev je rojena v Beogradu. Klavir se je za\u010dela u\u010diti s petimi leti pri prof. Bojanu Brunu. Srednjo glasbeno \u0161olo je zaklju\u010dila v razredu prof. Olge in Aleksandra Bauerja. Leta 2004 se je vpisala na Akademijo za glasbo v Beogradu, kjer je v razredu prof. Nevene Popovi\u0107 diplomirala z najvi\u0161jo oceno. Trenutno zaklju\u010duje na magistrski \u0161tudij na Mozarteumu v Salzburgu pri prof. Cordeliji Hoffer-Teutsch. Je dobitnica \u0161tevilnih nagrad na tekmovanjih, med drugimi \u201cVilla de Capdepera\u201d, UNESCO Athens, EPTA Beograd, \u201cF.Chopin\u201d v Rimu, \u201cJeunesses Musicales\u201d Bukare\u0161ta. Prav tako je nagrajena z diplomo za \u0161tudenta generacije, nagrade kraljeve dru\u017eine Karadjordevi\u0107, nagrade mesta Beograd,\u2026 Leta 2011 je bila izbrana, da na Festivalu \u201cMozart-Woche\u201d predstavlja univerzo Mozarteum. Igrala je koncet W.A. Mozarta KV 453 ob spremljavi simfoni\u010dnega orkestra \u201d. Istega leta je debitirala v Kammermusiksaal v Berlinski filharmoniji z programom posve\u010denem F. Lisztu. Je \u010dlanica Tria Susak in ena od idejnih vodij Mednarodnega glasbenega festivala na Susku.<\/p>\n","protected":false},"excerpt":{"rendered":"<p class=\"post-excerpt\">Minka Popovi\u0107 Ganev je rojena v Beogradu. Klavir se je za\u010dela u\u010diti s petimi leti pri prof. Bojanu Brunu. Srednjo&#8230;<\/p>\n","protected":false},"author":1,"featured_media":0,"parent":0,"menu_order":0,"comment_status":"closed","ping_status":"closed","template":"","meta":[],"_links":{"self":[{"href":"http:\/\/festivalursus.com\/index.php?rest_route=\/wp\/v2\/pages\/1273"}],"collection":[{"href":"http:\/\/festivalursus.com\/index.php?rest_route=\/wp\/v2\/pages"}],"about":[{"href":"http:\/\/festivalursus.com\/index.php?rest_route=\/wp\/v2\/types\/page"}],"author":[{"embeddable":true,"href":"http:\/\/festivalursus.com\/index.php?rest_route=\/wp\/v2\/users\/1"}],"replies":[{"embeddable":true,"href":"http:\/\/festivalursus.com\/index.php?rest_route=%2Fwp%2Fv2%2Fcomments&post=1273"}],"version-history":[{"count":2,"href":"http:\/\/festivalursus.com\/index.php?rest_route=\/wp\/v2\/pages\/1273\/revisions"}],"predecessor-version":[{"id":1275,"href":"http:\/\/festivalursus.com\/index.php?rest_route=\/wp\/v2\/pages\/1273\/revisions\/1275"}],"wp:attachment":[{"href":"http:\/\/festivalursus.com\/index.php?rest_route=%2Fwp%2Fv2%2Fmedia&parent=1273"}],"curies":[{"name":"wp","href":"https:\/\/api.w.org\/{rel}","templated":true}]}}