{"id":148,"date":"2016-05-13T19:18:08","date_gmt":"2016-05-13T19:18:08","guid":{"rendered":"http:\/\/festivalursus.com\/?page_id=148"},"modified":"2016-05-16T19:05:13","modified_gmt":"2016-05-16T19:05:13","slug":"peter-and-the-wolf","status":"publish","type":"page","link":"http:\/\/festivalursus.com\/?page_id=148&lang=en","title":{"rendered":"Peter and the Wolf"},"content":{"rendered":"<p>Concert on the 19th of July, 2015<\/p>\n<p>with<\/p>\n<p>narrator: Nika Vogri\u010d De\u017eman<br \/>\nillustrations: Teja Ple\u010dnik<\/p>\n<p>musicians:<br \/>\nMarko Zupan, flute<br \/>\n\u017diva Lo\u0161trek, oboe<br \/>\nAlja\u017e Begu\u0161, clarinet<br \/>\nZhibai Zhang, bassoon<br \/>\nMihajlo Bulaji\u0107, horn<\/p>\n<p><iframe loading=\"lazy\" width=\"700\" height=\"394\" src=\"https:\/\/www.youtube.com\/embed\/n5Gf63M3q9U?feature=oembed\" frameborder=\"0\" allowfullscreen><\/iframe><\/p>\n<p>&nbsp;<\/p>\n<p><a href=\"http:\/\/festivalursus.com\/wp-content\/uploads\/2016\/05\/5-4.jpg\" target=\"_blank\"><img decoding=\"async\" loading=\"lazy\" class=\"alignnone wp-image-1053 size-medium\" src=\"http:\/\/festivalursus.com\/wp-content\/uploads\/2016\/05\/5-4-300x169.jpg\" alt=\"5\" width=\"300\" height=\"169\" srcset=\"http:\/\/festivalursus.com\/wp-content\/uploads\/2016\/05\/5-4-300x169.jpg 300w, http:\/\/festivalursus.com\/wp-content\/uploads\/2016\/05\/5-4-768x433.jpg 768w, http:\/\/festivalursus.com\/wp-content\/uploads\/2016\/05\/5-4-552x311.jpg 552w, http:\/\/festivalursus.com\/wp-content\/uploads\/2016\/05\/5-4.jpg 960w\" sizes=\"(max-width: 300px) 100vw, 300px\" \/><\/a> <a href=\"http:\/\/festivalursus.com\/wp-content\/uploads\/2016\/05\/6-6.jpg\" target=\"_blank\"><img decoding=\"async\" loading=\"lazy\" class=\"alignnone wp-image-1054 size-medium\" src=\"http:\/\/festivalursus.com\/wp-content\/uploads\/2016\/05\/6-6-300x169.jpg\" alt=\"6\" width=\"300\" height=\"169\" srcset=\"http:\/\/festivalursus.com\/wp-content\/uploads\/2016\/05\/6-6-300x169.jpg 300w, http:\/\/festivalursus.com\/wp-content\/uploads\/2016\/05\/6-6-768x433.jpg 768w, http:\/\/festivalursus.com\/wp-content\/uploads\/2016\/05\/6-6-552x311.jpg 552w, http:\/\/festivalursus.com\/wp-content\/uploads\/2016\/05\/6-6.jpg 960w\" sizes=\"(max-width: 300px) 100vw, 300px\" \/><\/a> <a href=\"http:\/\/festivalursus.com\/wp-content\/uploads\/2016\/05\/7-6.jpg\" target=\"_blank\"><img decoding=\"async\" loading=\"lazy\" class=\"alignnone wp-image-1055 size-medium\" src=\"http:\/\/festivalursus.com\/wp-content\/uploads\/2016\/05\/7-6-300x168.jpg\" alt=\"7\" width=\"300\" height=\"168\" srcset=\"http:\/\/festivalursus.com\/wp-content\/uploads\/2016\/05\/7-6-300x168.jpg 300w, http:\/\/festivalursus.com\/wp-content\/uploads\/2016\/05\/7-6-768x429.jpg 768w, http:\/\/festivalursus.com\/wp-content\/uploads\/2016\/05\/7-6-1024x573.jpg 1024w, http:\/\/festivalursus.com\/wp-content\/uploads\/2016\/05\/7-6-1140x637.jpg 1140w, http:\/\/festivalursus.com\/wp-content\/uploads\/2016\/05\/7-6-552x309.jpg 552w, http:\/\/festivalursus.com\/wp-content\/uploads\/2016\/05\/7-6.jpg 1436w\" sizes=\"(max-width: 300px) 100vw, 300px\" \/><\/a><a href=\"http:\/\/festivalursus.com\/wp-content\/uploads\/2016\/05\/11-4.jpg\" target=\"_blank\"><img decoding=\"async\" loading=\"lazy\" class=\"alignnone wp-image-1059 size-medium\" src=\"http:\/\/festivalursus.com\/wp-content\/uploads\/2016\/05\/11-4-300x168.jpg\" alt=\"11\" width=\"300\" height=\"168\" srcset=\"http:\/\/festivalursus.com\/wp-content\/uploads\/2016\/05\/11-4-300x168.jpg 300w, http:\/\/festivalursus.com\/wp-content\/uploads\/2016\/05\/11-4-768x430.jpg 768w, http:\/\/festivalursus.com\/wp-content\/uploads\/2016\/05\/11-4-1024x574.jpg 1024w, http:\/\/festivalursus.com\/wp-content\/uploads\/2016\/05\/11-4-1140x639.jpg 1140w, http:\/\/festivalursus.com\/wp-content\/uploads\/2016\/05\/11-4-552x309.jpg 552w, http:\/\/festivalursus.com\/wp-content\/uploads\/2016\/05\/11-4.jpg 1438w\" sizes=\"(max-width: 300px) 100vw, 300px\" \/><\/a><a href=\"http:\/\/festivalursus.com\/wp-content\/uploads\/2016\/05\/9-6.jpg\" target=\"_blank\"><img decoding=\"async\" loading=\"lazy\" class=\"alignnone wp-image-1057 size-medium\" src=\"http:\/\/festivalursus.com\/wp-content\/uploads\/2016\/05\/9-6-300x168.jpg\" alt=\"9\" width=\"300\" height=\"168\" srcset=\"http:\/\/festivalursus.com\/wp-content\/uploads\/2016\/05\/9-6-300x168.jpg 300w, http:\/\/festivalursus.com\/wp-content\/uploads\/2016\/05\/9-6-768x431.jpg 768w, http:\/\/festivalursus.com\/wp-content\/uploads\/2016\/05\/9-6-1024x574.jpg 1024w, http:\/\/festivalursus.com\/wp-content\/uploads\/2016\/05\/9-6-1140x639.jpg 1140w, http:\/\/festivalursus.com\/wp-content\/uploads\/2016\/05\/9-6-552x310.jpg 552w, http:\/\/festivalursus.com\/wp-content\/uploads\/2016\/05\/9-6.jpg 1439w\" sizes=\"(max-width: 300px) 100vw, 300px\" \/><\/a> <a href=\"http:\/\/festivalursus.com\/wp-content\/uploads\/2016\/05\/8-6.jpg\" target=\"_blank\"><img decoding=\"async\" loading=\"lazy\" class=\"alignnone wp-image-1056 size-medium\" src=\"http:\/\/festivalursus.com\/wp-content\/uploads\/2016\/05\/8-6-300x168.jpg\" alt=\"8\" width=\"300\" height=\"168\" srcset=\"http:\/\/festivalursus.com\/wp-content\/uploads\/2016\/05\/8-6-300x168.jpg 300w, http:\/\/festivalursus.com\/wp-content\/uploads\/2016\/05\/8-6-768x429.jpg 768w, http:\/\/festivalursus.com\/wp-content\/uploads\/2016\/05\/8-6-1024x572.jpg 1024w, http:\/\/festivalursus.com\/wp-content\/uploads\/2016\/05\/8-6-1140x637.jpg 1140w, http:\/\/festivalursus.com\/wp-content\/uploads\/2016\/05\/8-6-552x308.jpg 552w, http:\/\/festivalursus.com\/wp-content\/uploads\/2016\/05\/8-6.jpg 1439w\" sizes=\"(max-width: 300px) 100vw, 300px\" \/><\/a>\u00a0\u00a0<a href=\"http:\/\/festivalursus.com\/wp-content\/uploads\/2016\/05\/10-4.jpg\" target=\"_blank\"><img decoding=\"async\" loading=\"lazy\" class=\"alignnone wp-image-1058 size-medium\" src=\"http:\/\/festivalursus.com\/wp-content\/uploads\/2016\/05\/10-4-300x168.jpg\" alt=\"10\" width=\"300\" height=\"168\" srcset=\"http:\/\/festivalursus.com\/wp-content\/uploads\/2016\/05\/10-4-300x168.jpg 300w, http:\/\/festivalursus.com\/wp-content\/uploads\/2016\/05\/10-4-768x430.jpg 768w, http:\/\/festivalursus.com\/wp-content\/uploads\/2016\/05\/10-4-1024x573.jpg 1024w, http:\/\/festivalursus.com\/wp-content\/uploads\/2016\/05\/10-4-1140x638.jpg 1140w, http:\/\/festivalursus.com\/wp-content\/uploads\/2016\/05\/10-4-552x309.jpg 552w, http:\/\/festivalursus.com\/wp-content\/uploads\/2016\/05\/10-4.jpg 1440w\" sizes=\"(max-width: 300px) 100vw, 300px\" \/><\/a>\u00a0\u00a0<a href=\"http:\/\/festivalursus.com\/wp-content\/uploads\/2016\/05\/12-4.jpg\" target=\"_blank\"><img decoding=\"async\" loading=\"lazy\" class=\"alignnone wp-image-1060 size-medium\" src=\"http:\/\/festivalursus.com\/wp-content\/uploads\/2016\/05\/12-4-300x167.jpg\" alt=\"12\" width=\"300\" height=\"167\" srcset=\"http:\/\/festivalursus.com\/wp-content\/uploads\/2016\/05\/12-4-300x167.jpg 300w, http:\/\/festivalursus.com\/wp-content\/uploads\/2016\/05\/12-4-768x428.jpg 768w, http:\/\/festivalursus.com\/wp-content\/uploads\/2016\/05\/12-4-1024x571.jpg 1024w, http:\/\/festivalursus.com\/wp-content\/uploads\/2016\/05\/12-4-1140x635.jpg 1140w, http:\/\/festivalursus.com\/wp-content\/uploads\/2016\/05\/12-4-552x308.jpg 552w, http:\/\/festivalursus.com\/wp-content\/uploads\/2016\/05\/12-4.jpg 1439w\" sizes=\"(max-width: 300px) 100vw, 300px\" \/><\/a> <a href=\"http:\/\/festivalursus.com\/wp-content\/uploads\/2016\/05\/13-4.jpg\" target=\"_blank\"><img decoding=\"async\" loading=\"lazy\" class=\"alignnone wp-image-1061 size-medium\" src=\"http:\/\/festivalursus.com\/wp-content\/uploads\/2016\/05\/13-4-300x170.jpg\" alt=\"13\" width=\"300\" height=\"170\" srcset=\"http:\/\/festivalursus.com\/wp-content\/uploads\/2016\/05\/13-4-300x170.jpg 300w, http:\/\/festivalursus.com\/wp-content\/uploads\/2016\/05\/13-4-768x436.jpg 768w, http:\/\/festivalursus.com\/wp-content\/uploads\/2016\/05\/13-4-552x313.jpg 552w, http:\/\/festivalursus.com\/wp-content\/uploads\/2016\/05\/13-4.jpg 960w\" sizes=\"(max-width: 300px) 100vw, 300px\" \/><\/a> <a href=\"http:\/\/festivalursus.com\/wp-content\/uploads\/2016\/05\/14-4.jpg\" target=\"_blank\"><img decoding=\"async\" loading=\"lazy\" class=\"alignnone wp-image-1062 size-medium\" src=\"http:\/\/festivalursus.com\/wp-content\/uploads\/2016\/05\/14-4-300x168.jpg\" alt=\"14\" width=\"300\" height=\"168\" srcset=\"http:\/\/festivalursus.com\/wp-content\/uploads\/2016\/05\/14-4-300x168.jpg 300w, http:\/\/festivalursus.com\/wp-content\/uploads\/2016\/05\/14-4-768x430.jpg 768w, http:\/\/festivalursus.com\/wp-content\/uploads\/2016\/05\/14-4-552x309.jpg 552w, http:\/\/festivalursus.com\/wp-content\/uploads\/2016\/05\/14-4.jpg 960w\" sizes=\"(max-width: 300px) 100vw, 300px\" \/><\/a>\u00a0\u00a0\u00a0<a href=\"http:\/\/festivalursus.com\/wp-content\/uploads\/2016\/05\/1-4.jpg\" target=\"_blank\"><img decoding=\"async\" loading=\"lazy\" class=\"alignnone wp-image-1065 size-medium\" src=\"http:\/\/festivalursus.com\/wp-content\/uploads\/2016\/05\/1-4-300x168.jpg\" alt=\"1\" width=\"300\" height=\"168\" srcset=\"http:\/\/festivalursus.com\/wp-content\/uploads\/2016\/05\/1-4-300x168.jpg 300w, http:\/\/festivalursus.com\/wp-content\/uploads\/2016\/05\/1-4-768x429.jpg 768w, http:\/\/festivalursus.com\/wp-content\/uploads\/2016\/05\/1-4-1024x573.jpg 1024w, http:\/\/festivalursus.com\/wp-content\/uploads\/2016\/05\/1-4-1140x637.jpg 1140w, http:\/\/festivalursus.com\/wp-content\/uploads\/2016\/05\/1-4-552x309.jpg 552w, http:\/\/festivalursus.com\/wp-content\/uploads\/2016\/05\/1-4.jpg 1438w\" sizes=\"(max-width: 300px) 100vw, 300px\" \/><\/a> <a href=\"http:\/\/festivalursus.com\/wp-content\/uploads\/2016\/05\/2-4.jpg\" target=\"_blank\"><img decoding=\"async\" loading=\"lazy\" class=\"alignnone wp-image-1066 size-medium\" src=\"http:\/\/festivalursus.com\/wp-content\/uploads\/2016\/05\/2-4-300x168.jpg\" alt=\"2\" width=\"300\" height=\"168\" srcset=\"http:\/\/festivalursus.com\/wp-content\/uploads\/2016\/05\/2-4-300x168.jpg 300w, http:\/\/festivalursus.com\/wp-content\/uploads\/2016\/05\/2-4-768x431.jpg 768w, http:\/\/festivalursus.com\/wp-content\/uploads\/2016\/05\/2-4-1024x574.jpg 1024w, http:\/\/festivalursus.com\/wp-content\/uploads\/2016\/05\/2-4-1140x639.jpg 1140w, http:\/\/festivalursus.com\/wp-content\/uploads\/2016\/05\/2-4-552x310.jpg 552w, http:\/\/festivalursus.com\/wp-content\/uploads\/2016\/05\/2-4.jpg 1437w\" sizes=\"(max-width: 300px) 100vw, 300px\" \/><\/a> <a href=\"http:\/\/festivalursus.com\/wp-content\/uploads\/2016\/05\/3-6.jpg\" target=\"_blank\"><img decoding=\"async\" loading=\"lazy\" class=\"alignnone wp-image-1067 size-medium\" src=\"http:\/\/festivalursus.com\/wp-content\/uploads\/2016\/05\/3-6-300x168.jpg\" alt=\"3\" width=\"300\" height=\"168\" srcset=\"http:\/\/festivalursus.com\/wp-content\/uploads\/2016\/05\/3-6-300x168.jpg 300w, http:\/\/festivalursus.com\/wp-content\/uploads\/2016\/05\/3-6-768x430.jpg 768w, http:\/\/festivalursus.com\/wp-content\/uploads\/2016\/05\/3-6-1024x573.jpg 1024w, http:\/\/festivalursus.com\/wp-content\/uploads\/2016\/05\/3-6-1140x638.jpg 1140w, http:\/\/festivalursus.com\/wp-content\/uploads\/2016\/05\/3-6-552x309.jpg 552w, http:\/\/festivalursus.com\/wp-content\/uploads\/2016\/05\/3-6.jpg 1438w\" sizes=\"(max-width: 300px) 100vw, 300px\" \/><\/a><a href=\"http:\/\/festivalursus.com\/wp-content\/uploads\/2016\/05\/4-6.jpg\" target=\"_blank\"><img decoding=\"async\" loading=\"lazy\" class=\"alignnone wp-image-1068 size-medium\" src=\"http:\/\/festivalursus.com\/wp-content\/uploads\/2016\/05\/4-6-300x169.jpg\" alt=\"4\" width=\"300\" height=\"169\" srcset=\"http:\/\/festivalursus.com\/wp-content\/uploads\/2016\/05\/4-6-300x169.jpg 300w, http:\/\/festivalursus.com\/wp-content\/uploads\/2016\/05\/4-6-768x434.jpg 768w, http:\/\/festivalursus.com\/wp-content\/uploads\/2016\/05\/4-6-552x312.jpg 552w, http:\/\/festivalursus.com\/wp-content\/uploads\/2016\/05\/4-6.jpg 960w\" sizes=\"(max-width: 300px) 100vw, 300px\" \/><\/a><a href=\"http:\/\/festivalursus.com\/wp-content\/uploads\/2016\/05\/15-4.jpg\" target=\"_blank\"><img decoding=\"async\" loading=\"lazy\" class=\"alignnone wp-image-1063 size-medium\" src=\"http:\/\/festivalursus.com\/wp-content\/uploads\/2016\/05\/15-4-300x169.jpg\" alt=\"15\" width=\"300\" height=\"169\" srcset=\"http:\/\/festivalursus.com\/wp-content\/uploads\/2016\/05\/15-4-300x169.jpg 300w, http:\/\/festivalursus.com\/wp-content\/uploads\/2016\/05\/15-4-768x434.jpg 768w, http:\/\/festivalursus.com\/wp-content\/uploads\/2016\/05\/15-4-552x312.jpg 552w, http:\/\/festivalursus.com\/wp-content\/uploads\/2016\/05\/15-4.jpg 960w\" sizes=\"(max-width: 300px) 100vw, 300px\" \/><\/a>\u00a0<a href=\"http:\/\/festivalursus.com\/wp-content\/uploads\/2016\/05\/16-2.jpg\" target=\"_blank\"><img decoding=\"async\" loading=\"lazy\" class=\"alignnone wp-image-1064 size-medium\" src=\"http:\/\/festivalursus.com\/wp-content\/uploads\/2016\/05\/16-2-300x168.jpg\" alt=\"16\" width=\"300\" height=\"168\" srcset=\"http:\/\/festivalursus.com\/wp-content\/uploads\/2016\/05\/16-2-300x168.jpg 300w, http:\/\/festivalursus.com\/wp-content\/uploads\/2016\/05\/16-2-768x430.jpg 768w, http:\/\/festivalursus.com\/wp-content\/uploads\/2016\/05\/16-2-552x309.jpg 552w, http:\/\/festivalursus.com\/wp-content\/uploads\/2016\/05\/16-2.jpg 960w\" sizes=\"(max-width: 300px) 100vw, 300px\" \/><\/a><\/p>\n<p><strong>Nika Vogri\u010d De\u017eman<\/strong> (Slovenia)<br \/>\n<a href=\"http:\/\/festivalursus.com\/wp-content\/uploads\/2016\/05\/Nika.jpg\" target=\"_blank\"><img decoding=\"async\" loading=\"lazy\" class=\"alignleft wp-image-571 size-medium\" src=\"http:\/\/festivalursus.com\/wp-content\/uploads\/2016\/05\/Nika-225x300.jpg\" alt=\"Nika\" width=\"225\" height=\"300\" srcset=\"http:\/\/festivalursus.com\/wp-content\/uploads\/2016\/05\/Nika-225x300.jpg 225w, http:\/\/festivalursus.com\/wp-content\/uploads\/2016\/05\/Nika-552x736.jpg 552w, http:\/\/festivalursus.com\/wp-content\/uploads\/2016\/05\/Nika.jpg 720w\" sizes=\"(max-width: 225px) 100vw, 225px\" \/><\/a>Nika Vogri\u010d De\u017eman visited a classical highschool A\u0161ker\u010deva in Ljubljana as well as Coservatory for music in Ljubljana. In the moment she studies musicology on Faculty of Arts in Ljubljana. She was artiscticly active in different art areas already as a child, performing in different music theatre shows and drama groups in elementary school and elementary music school in Logatec. In highschool and later she got interested in different music genres and music performances, that\u2019s why she sign in to musicology studies. She performes regulary in chanson group of Toma\u017e Ivi\u010d and she is active as actor and narrator in many events in her hometown and festivals around (festival Kamfest in Kamnik). She is a member of a group called \u00bbMagpie valley\u00ab which performs around with their own theatre pieces for children on festivals like; Burning castle, Kamfest, festival PUF,\u2026\u2026<\/p>\n<p><strong>Teja Ple\u010dnik<\/strong> (Slovenia)<br \/>\n<a href=\"http:\/\/festivalursus.com\/wp-content\/uploads\/2016\/05\/Teja.jpg\" target=\"_blank\"><img decoding=\"async\" loading=\"lazy\" class=\"alignleft wp-image-574 size-medium\" src=\"http:\/\/festivalursus.com\/wp-content\/uploads\/2016\/05\/Teja-290x300.jpg\" alt=\"Teja\" width=\"290\" height=\"300\" srcset=\"http:\/\/festivalursus.com\/wp-content\/uploads\/2016\/05\/Teja-290x300.jpg 290w, http:\/\/festivalursus.com\/wp-content\/uploads\/2016\/05\/Teja-552x571.jpg 552w, http:\/\/festivalursus.com\/wp-content\/uploads\/2016\/05\/Teja.jpg 696w\" sizes=\"(max-width: 290px) 100vw, 290px\" \/><\/a>Teja Plecnik is an artist that loves to make art whenever she feels like and not when it\u2019s necessary. When she was just a little girl, people thought of her as stubborn and special. Throughout Elementary school she enjoyed drawing and singing. She participated in art and drama classes. She finished her education as a Fine art teacher and decided to try her luck and move abroad. On her journey she decided to do something for her soul and returned home. Colours, pen, ink, pencil, watercolours, clay, sketchbook and canvas are \u2018The World\u201d where all her thoughts, inspirations, good or bad moments and feelings reflects. She loves to draw, print graphics, paint on canvases and do murals. She has her focus lately on children all ages, the ones who are full of imagination and loves to play. This year she spends most of her time illustrating.<\/p>\n<p><strong>Marko Zupan<\/strong> (Slovenia)<br \/>\n<a href=\"http:\/\/festivalursus.com\/wp-content\/uploads\/2016\/05\/Marko1.jpg\" target=\"_blank\"><img decoding=\"async\" loading=\"lazy\" class=\"alignleft wp-image-570 size-medium\" src=\"http:\/\/festivalursus.com\/wp-content\/uploads\/2016\/05\/Marko1-300x216.jpg\" alt=\"Marko1\" width=\"300\" height=\"216\" srcset=\"http:\/\/festivalursus.com\/wp-content\/uploads\/2016\/05\/Marko1-300x216.jpg 300w, http:\/\/festivalursus.com\/wp-content\/uploads\/2016\/05\/Marko1-768x553.jpg 768w, http:\/\/festivalursus.com\/wp-content\/uploads\/2016\/05\/Marko1-1024x737.jpg 1024w, http:\/\/festivalursus.com\/wp-content\/uploads\/2016\/05\/Marko1-1140x820.jpg 1140w, http:\/\/festivalursus.com\/wp-content\/uploads\/2016\/05\/Marko1-552x397.jpg 552w, http:\/\/festivalursus.com\/wp-content\/uploads\/2016\/05\/Marko1.jpg 2048w\" sizes=\"(max-width: 300px) 100vw, 300px\" \/><\/a>Marko Zupan was born in Zagorje, Slovenija. After the studies in his homeland he was granted a scholarship by the Slovenian Ministry of Culture to proceed his studies in Paris with prof. Pierre- Yves Artaud and later in Salzburg with prof. Irena Grafenauer. He perfected his knowledge in numerous masterclasses with world renowned flutists like Aurele Nicolet, Peter-Lukas Graf and Emmanuel Pahud. In this time he has won many prizes at the slovenian national competitions and also at the international music competitions (Trieste, Picardie, Belgrad, Braunschweig). In the year 2008 he became solo flutist in the Sudetian Philharmonic and a year later in the Philharmonic orchestra of Brandenburg state theatre in Cottbus. Since 2009 he is living and working as a freelance artist in Berlin. Playing as a solo flutist with Berliner Symphoniker, Philharmonia of the nations, Neues Kammerorchester Potsdam or Evian festival orchestra, member of different chamber music ensembles, soloist in recitals or with orchestra, he gave concerts in USA, Japan, China, Vietnam, Alegeria and throughout Europe. Recently he recorded two CD\u2019s, one with Trio Susak(flute, saxophone, piano) and the other with flutist Boris Bizjak and pianist Yoko Misumi, featuring music for two flutes and piano.<br \/>\nSince october 2010 he is assistant professor at the Academy of music in Split, Croatia. In 2013 he published Flute orchestral excerpts arranged for flute quartet with the Svitzer editions, a pedagogical method to help mastering soloflute orchestral repertoire. As a part of his pedagogical activities, he is also giving a masterclass in Ka\u0161tela, Croatia.<br \/>\nHe is founder and artistic director of International Music Festival \u201cUrsus\u201d.<\/p>\n<p><strong>\u017diva Lo\u0161trek<\/strong> (Slovenia)<br \/>\n<a href=\"http:\/\/festivalursus.com\/wp-content\/uploads\/2016\/05\/10421981_907050775977960_2601447766459493539_n.jpg\" target=\"_blank\"><img decoding=\"async\" loading=\"lazy\" class=\"alignleft wp-image-564 size-medium\" src=\"http:\/\/festivalursus.com\/wp-content\/uploads\/2016\/05\/10421981_907050775977960_2601447766459493539_n-300x200.jpg\" alt=\"10421981_907050775977960_2601447766459493539_n\" width=\"300\" height=\"200\" srcset=\"http:\/\/festivalursus.com\/wp-content\/uploads\/2016\/05\/10421981_907050775977960_2601447766459493539_n-300x200.jpg 300w, http:\/\/festivalursus.com\/wp-content\/uploads\/2016\/05\/10421981_907050775977960_2601447766459493539_n-768x512.jpg 768w, http:\/\/festivalursus.com\/wp-content\/uploads\/2016\/05\/10421981_907050775977960_2601447766459493539_n-552x368.jpg 552w, http:\/\/festivalursus.com\/wp-content\/uploads\/2016\/05\/10421981_907050775977960_2601447766459493539_n.jpg 960w\" sizes=\"(max-width: 300px) 100vw, 300px\" \/><\/a>\u017diva Lo\u0161trek started with her musical education at the age of 6, when she started to learn to play a recorder. Two years later she started to study piano and with the age of 10, oboe in class of prof. Janez Treven. At 15, she continued her oboe studies on Conservatory for Musi kand Ballet in Ljubljana in class of prof. Maja Kojc, later, on Academy for Music in Ljubljana in class of prof. Bo\u017eo Rogelja, and on February this year she finished her masterstudy on Hochschule f\u00fcr Musik und Tanz in Cologne in class of prof. Keita Yamamoto.<br \/>\nDuring her studies she was awarded with many prizes on national competitions, as well as with special prize of Conservatory in Ljubljana and special prize of Academy in Ljubljana. She played with various orchestras, also as a soloist, at the moment she is mainly active in Germany, where she plays on concerts and festivals as a soloist, orchestra musician and as a member of different chamber music groups.<\/p>\n<p><strong>Aljaz Begu\u0161<\/strong> (Slovenia)<br \/>\n<a href=\"http:\/\/festivalursus.com\/wp-content\/uploads\/2016\/05\/Begus.jpg\" target=\"_blank\"><img decoding=\"async\" loading=\"lazy\" class=\"alignleft wp-image-566 size-medium\" src=\"http:\/\/festivalursus.com\/wp-content\/uploads\/2016\/05\/Begus-300x199.jpg\" alt=\"Begus\" width=\"300\" height=\"199\" srcset=\"http:\/\/festivalursus.com\/wp-content\/uploads\/2016\/05\/Begus-300x199.jpg 300w, http:\/\/festivalursus.com\/wp-content\/uploads\/2016\/05\/Begus-768x509.jpg 768w, http:\/\/festivalursus.com\/wp-content\/uploads\/2016\/05\/Begus.jpg 1024w, http:\/\/festivalursus.com\/wp-content\/uploads\/2016\/05\/Begus-552x365.jpg 552w\" sizes=\"(max-width: 300px) 100vw, 300px\" \/><\/a>Alja\u017e Begu\u0161 was born in 9.6. 1985 in Ljubljana, Slovenia. He began his musical studies at the age of seven in the Music School Ljubljana Moste-Polje with Joze Kregar and Franc Trzan. At thirteen he entered the High School for Music and Ballet of Ljubljana where he studied with Joze Kotar. He continued his studies in the Music Academy of Ljubljana with the same professor and was awarded his Diploma in May 2009 with the highest marks.<br \/>\nIn the year 2008 he was accepted in the class of Michel Arrignon at the prestigious Escuela Superior de Musica Reina Sofia in Madrid, Spain, where he studied for two years.<br \/>\nAljaz Begus was awarded several prizes and honors. Among them are four first prizes on the Young Musician Competition of the Republic of Slovenia TEMSIG (1995, 1998, 2001, 2004), with three additional special prizes for the performance of Slovenian compositions. He was also the winner of International Competitions such as Citta\u2019 di Carlino and Marco Fiorindo in the Junior Category (Italy, 2002). In 2004 he was awarded the 3rd Prize in the Senior Category in Citta\u2019 di Carlino. In 2007 he was also a semifinalist in the International Competition EBU New Talent in Bratislava. With the woodwind quintet Pentada he was awarded a first prize in the TEMSIG Competition 2006 and with a woodwind quintet Spirito he was a semifinalist at ARD competition.<br \/>\nIn 2005 was awarded with the Preseren Student Prize.<br \/>\nAlja\u017e Begu\u0161 participated in masterclasses with Mate Bekavac, Charles Neidich, Eduard Brunner, Paul Meyer, Menahem Pressler,Jacques Zoon, Klaus Tunemann, Hans-Jorg Schellenberger, Radovan Vlatkovic, Bruno Canino, Ralf Gothoni, Tom Krause and Marta Gulyas, among others.<br \/>\nHe has been a member of orchestras such as Orchestra da Camera di Mantova, Spira Mirabilis, European Union Youth Orchestra, English National Opera, and in Gustav Mahler Jugend Orchester. He has been a regular collaborator with the Ensemble for Contemporary Music of the Ljubljana Music Academy, as well as with SNG Maribor, RTV Slovenia, Academia Sancti Petri, Chamber Orchestra Festine, and with the Slovenian Philharmonic Orchestra. He appeared as a soloist with all of the above Slovenian orchestras and also with the Gustav Mahler Jugendorchester, Jeaner Philharmonie,Orquesta da camara de Escuela Superior de Musica Reina Sofia, Brass Orchestra of the Ljubljana Music Academy, Orchestra da Camera di Mantova and with the RTV Big Band Orchestra.<\/p>\n<p><strong>Zhibai Zhang<\/strong> (China)<br \/>\n<a href=\"http:\/\/festivalursus.com\/wp-content\/uploads\/2016\/05\/AdobePhotoshopExpress_2015_06_18_10_19_05.jpg\" target=\"_blank\"><img decoding=\"async\" loading=\"lazy\" class=\"alignleft wp-image-565 size-medium\" src=\"http:\/\/festivalursus.com\/wp-content\/uploads\/2016\/05\/AdobePhotoshopExpress_2015_06_18_10_19_05-161x300.jpg\" alt=\"AdobePhotoshopExpress_2015_06_18_10_19_05\" width=\"161\" height=\"300\" srcset=\"http:\/\/festivalursus.com\/wp-content\/uploads\/2016\/05\/AdobePhotoshopExpress_2015_06_18_10_19_05-161x300.jpg 161w, http:\/\/festivalursus.com\/wp-content\/uploads\/2016\/05\/AdobePhotoshopExpress_2015_06_18_10_19_05-768x1429.jpg 768w, http:\/\/festivalursus.com\/wp-content\/uploads\/2016\/05\/AdobePhotoshopExpress_2015_06_18_10_19_05-551x1024.jpg 551w, http:\/\/festivalursus.com\/wp-content\/uploads\/2016\/05\/AdobePhotoshopExpress_2015_06_18_10_19_05-552x1027.jpg 552w, http:\/\/festivalursus.com\/wp-content\/uploads\/2016\/05\/AdobePhotoshopExpress_2015_06_18_10_19_05.jpg 1101w\" sizes=\"(max-width: 161px) 100vw, 161px\" \/><\/a>Zhibai Zhang was born in Liaoning, China. At the age of fifteen he moved to Austria to study bassoon with prof. Richard Galler at Mozartem, Salzburg. He continued his studies at Hochschule f\u00fcr Musik \u00b4Franz Liszt\u00b4 Weimar with prof. Frank Forst. He graduated with excellence and continued his studies on Konzertexam. In this time he became member of Zagreb philharmonic orchestra.<br \/>\nHe is prizewinner of International Mozart competition in Roveretto, Italy and Intermusica competition in Birkfeld, Austria. As result of this prizes he had a chance to play as a soloist with Haydn orchestra in Trento and with Zagreb philharmonic orchestra.<br \/>\nSince 2013 he is associate principal bassoonist with Kymi Sinfonietta in Finland. He plays as guest with Mozarteum orchester Salzburg ,Icelandic Symphony Orchestra, Dala Sinfoniettan Sweden,.. He played under famous conductors such as Dmitrij Kitajenko, Valery Gergiev, Sir Neville Marriner, Jes\u00fas L\u00f3pez Cobos and Dennis Russell Davies.<\/p>\n<p><strong>Mihajlo Bulaji\u0107<\/strong> (Serbia)<br \/>\n<a href=\"http:\/\/festivalursus.com\/wp-content\/uploads\/2016\/05\/Rog_Mihajlo-Bulajic-533x800.jpg\" target=\"_blank\"><img decoding=\"async\" loading=\"lazy\" class=\"alignleft wp-image-573 size-medium\" src=\"http:\/\/festivalursus.com\/wp-content\/uploads\/2016\/05\/Rog_Mihajlo-Bulajic-533x800-200x300.jpg\" alt=\"Rog_Mihajlo-Bulajic-533x800\" width=\"200\" height=\"300\" srcset=\"http:\/\/festivalursus.com\/wp-content\/uploads\/2016\/05\/Rog_Mihajlo-Bulajic-533x800-200x300.jpg 200w, http:\/\/festivalursus.com\/wp-content\/uploads\/2016\/05\/Rog_Mihajlo-Bulajic-533x800.jpg 533w\" sizes=\"(max-width: 200px) 100vw, 200px\" \/><\/a>Mihajlo Bulaji\u0107 graduated at the Academy of music in Belgrade. In this time he was a member of the wind quintet of the Academy, with wich he played in all of the important concert halls in Serbia. In the year 2009 he became a member of Gustav Mahler Youth Orchestra. Between years 2006 \u2013 2010 he was a solo hornist at the Belgrad National Opera. In the year 2010 he started working in Radio orchestra Slovenia.<\/p>\n","protected":false},"excerpt":{"rendered":"<p class=\"post-excerpt\">Concert on the 19th of July, 2015 with narrator: Nika Vogri\u010d De\u017eman illustrations: Teja Ple\u010dnik musicians: Marko Zupan, flute \u017diva&#8230;<\/p>\n","protected":false},"author":1,"featured_media":0,"parent":0,"menu_order":0,"comment_status":"closed","ping_status":"closed","template":"","meta":[],"_links":{"self":[{"href":"http:\/\/festivalursus.com\/index.php?rest_route=\/wp\/v2\/pages\/148"}],"collection":[{"href":"http:\/\/festivalursus.com\/index.php?rest_route=\/wp\/v2\/pages"}],"about":[{"href":"http:\/\/festivalursus.com\/index.php?rest_route=\/wp\/v2\/types\/page"}],"author":[{"embeddable":true,"href":"http:\/\/festivalursus.com\/index.php?rest_route=\/wp\/v2\/users\/1"}],"replies":[{"embeddable":true,"href":"http:\/\/festivalursus.com\/index.php?rest_route=%2Fwp%2Fv2%2Fcomments&post=148"}],"version-history":[{"count":10,"href":"http:\/\/festivalursus.com\/index.php?rest_route=\/wp\/v2\/pages\/148\/revisions"}],"predecessor-version":[{"id":1243,"href":"http:\/\/festivalursus.com\/index.php?rest_route=\/wp\/v2\/pages\/148\/revisions\/1243"}],"wp:attachment":[{"href":"http:\/\/festivalursus.com\/index.php?rest_route=%2Fwp%2Fv2%2Fmedia&parent=148"}],"curies":[{"name":"wp","href":"https:\/\/api.w.org\/{rel}","templated":true}]}}