{"id":2174,"date":"2018-03-30T15:13:52","date_gmt":"2018-03-30T15:13:52","guid":{"rendered":"http:\/\/festivalursus.com\/?page_id=2174"},"modified":"2018-04-03T10:39:07","modified_gmt":"2018-04-03T10:39:07","slug":"marina-minkin","status":"publish","type":"page","link":"http:\/\/festivalursus.com\/?page_id=2174&lang=sl","title":{"rendered":"Marina Minkin"},"content":{"rendered":"<p><a href=\"http:\/\/festivalursus.com\/wp-content\/uploads\/2018\/03\/S8001176-1.jpg\" target=\"_blank\" rel=\"noopener noreferrer\"><img decoding=\"async\" loading=\"lazy\" class=\"aligncenter wp-image-2175 size-medium\" src=\"http:\/\/festivalursus.com\/wp-content\/uploads\/2018\/03\/S8001176-1-225x300.jpg\" alt=\"\" width=\"225\" height=\"300\" srcset=\"http:\/\/festivalursus.com\/wp-content\/uploads\/2018\/03\/S8001176-1-225x300.jpg 225w, http:\/\/festivalursus.com\/wp-content\/uploads\/2018\/03\/S8001176-1-768x1024.jpg 768w, http:\/\/festivalursus.com\/wp-content\/uploads\/2018\/03\/S8001176-1-1140x1520.jpg 1140w, http:\/\/festivalursus.com\/wp-content\/uploads\/2018\/03\/S8001176-1-552x736.jpg 552w, http:\/\/festivalursus.com\/wp-content\/uploads\/2018\/03\/S8001176-1.jpg 1536w\" sizes=\"(max-width: 225px) 100vw, 225px\" \/><\/a><\/p>\n<p>&nbsp;<\/p>\n<p>Marina Minkin je leta 1981 zapustila Sovjetsko zvezo in se preselila v Izrael; tam je \u0161tudirala klavir z Michaelom Boguslavskim in \u010dembalo z Davidom Shemerjem na glasbeni akademiji v Jeruzalemu.<br \/>\nMed letoma 1988 in 1990 je ga. Minkin \u0161tudirala \u010dembalo s profesorjem Markom Krollom na Bostonski univerzi, kjer je pridobila magisterij iz \u010dembala. Leta 1998 je doktorirala iz zgodovinske izvajalske prakse, njena disertacija je bila \u0161tudija o \u017eivljenju in delu italijanske skladateljice Anne Bon. Leta 1990 je bila zmagovalka Concerto-Aria tekmovanja na Bostonski univerzi, polfinalistka na mednarodnem tekmovanju Spivey v Atlanti leta 1991, dobitnica nagrade Artist\u2019s Award leta 1994 in Elsbeth Melville Guild Scholarship leta 1997 .<br \/>\nMed \u0161tevilnimi komornimi glasbenimi festivali je Marina Minkin nastopila na petem mednarodnem festivalu v Montrealu v Kanadi, na festivalu Abu Gosh v Izraelu, festivalu komorne glasbe Ogunquit, Mednarodnem festivalu Cluj International vTransilvaniji, Brianza Classic v Italiji in veliko drugih.<br \/>\nJe ustanoviteljica in umetni\u0161ki direktor \u201cLAUDA&#8221;: judovsko-arabskega mladinskega ansambla zgodnje in etni\u010dne glasbe s sede\u017eem v Galileji.<br \/>\nLeta 2009 je bila dr. Minkin imenovana za umetni\u0161ko direktorico renesan\u010dnega festivala Yehiam (Zahodna Galileja, Izrael).<br \/>\nMarina Minkin je pravkar izdala 2 nova CD-ja: posnetek solisti\u010dne in komorne glasbe Vittoria Rietija na NEW WORLD RECORDS s priznanimi ameri\u0161kimi in izraelskimi umetniki ter \u201cPogovori\u201d \u2013 sodobna glasba za 2 \u010dembala (z Davidom Shemerom) na OMNIBUS CLASSICS. Njeni ostali posnetki vklju\u010dujejo CD plo\u0161\u010do glasbe izraelskih skladateljev (ALBANY RECORDS), album Bach, Bach &amp; Bach (ARTONA) s sonatami za violo in \u010dembalo J.S. Bacha in njegovih sinov (z Michaelom Zaretskym, viola) terb\u0161tevilne nastope na radijski postaji WGBH (Boston), klasi\u010dni glasbeni postaji Kol Izrael (Izrael), RCJ radio Paris in WNYC radio NewYork.<br \/>\nMarina Minkin trenutno \u017eivi v Izraelu; pou\u010duje te\u010daje \u010dembala in baro\u010dne glasbe na glasbeni \u0161oli Levinsky College, na izraelskem konservatoriju v Tel-Avivu in v umetni\u0161kem centru Jezreel Valley.<br \/>\nRedno nastopa in snema kot solist ter \u010dlan ansamblov Phoenix, Spectrum Ensemble, Izraelski sodobni ansambel (Ensemble 21) in Sredozemski baro\u010dni kvartet z italijanskimi in izraelskimi glasbeniki.<\/p>\n","protected":false},"excerpt":{"rendered":"<p class=\"post-excerpt\">&nbsp; Marina Minkin je leta 1981 zapustila Sovjetsko zvezo in se preselila v Izrael; tam je \u0161tudirala klavir z Michaelom&#8230;<\/p>\n","protected":false},"author":1,"featured_media":0,"parent":0,"menu_order":0,"comment_status":"closed","ping_status":"closed","template":"","meta":[],"_links":{"self":[{"href":"http:\/\/festivalursus.com\/index.php?rest_route=\/wp\/v2\/pages\/2174"}],"collection":[{"href":"http:\/\/festivalursus.com\/index.php?rest_route=\/wp\/v2\/pages"}],"about":[{"href":"http:\/\/festivalursus.com\/index.php?rest_route=\/wp\/v2\/types\/page"}],"author":[{"embeddable":true,"href":"http:\/\/festivalursus.com\/index.php?rest_route=\/wp\/v2\/users\/1"}],"replies":[{"embeddable":true,"href":"http:\/\/festivalursus.com\/index.php?rest_route=%2Fwp%2Fv2%2Fcomments&post=2174"}],"version-history":[{"count":4,"href":"http:\/\/festivalursus.com\/index.php?rest_route=\/wp\/v2\/pages\/2174\/revisions"}],"predecessor-version":[{"id":2458,"href":"http:\/\/festivalursus.com\/index.php?rest_route=\/wp\/v2\/pages\/2174\/revisions\/2458"}],"wp:attachment":[{"href":"http:\/\/festivalursus.com\/index.php?rest_route=%2Fwp%2Fv2%2Fmedia&parent=2174"}],"curies":[{"name":"wp","href":"https:\/\/api.w.org\/{rel}","templated":true}]}}