{"id":3023,"date":"2020-06-11T17:46:40","date_gmt":"2020-06-11T17:46:40","guid":{"rendered":"http:\/\/festivalursus.com\/?page_id=3023"},"modified":"2020-06-11T18:12:32","modified_gmt":"2020-06-11T18:12:32","slug":"marko-zupan-flavta-20","status":"publish","type":"page","link":"http:\/\/festivalursus.com\/?page_id=3023&lang=sl","title":{"rendered":"Marko Zupan, flavta"},"content":{"rendered":"<p><a href=\"http:\/\/festivalursus.com\/wp-content\/uploads\/2018\/04\/File091.jpg\" target=\"_blank\" rel=\"noopener noreferrer\"><img decoding=\"async\" loading=\"lazy\" class=\"aligncenter wp-image-2392 size-medium\" src=\"http:\/\/festivalursus.com\/wp-content\/uploads\/2018\/04\/File091-300x200.jpg\" alt=\"\" width=\"300\" height=\"200\" srcset=\"http:\/\/festivalursus.com\/wp-content\/uploads\/2018\/04\/File091-300x200.jpg 300w, http:\/\/festivalursus.com\/wp-content\/uploads\/2018\/04\/File091-768x512.jpg 768w, http:\/\/festivalursus.com\/wp-content\/uploads\/2018\/04\/File091-1024x683.jpg 1024w, http:\/\/festivalursus.com\/wp-content\/uploads\/2018\/04\/File091-1140x760.jpg 1140w, http:\/\/festivalursus.com\/wp-content\/uploads\/2018\/04\/File091-552x368.jpg 552w, http:\/\/festivalursus.com\/wp-content\/uploads\/2018\/04\/File091.jpg 2048w\" sizes=\"(max-width: 300px) 100vw, 300px\" \/><\/a><\/p>\n<p>Flavtist Marko Zupan ima pestro mednarodno kariero kot solist, komorni partner, orkesterski glasbenik, improvizator, aran\u017eer in profesor.<\/p>\n<p>Diplomiral je na Akademiji za glasbo v Ljubljani, Parizu in na \u00bbMozarteum\u00ab v Salzburgu.<br \/>\nMed \u0161tudijem je postal nagrajenec ve\u010d slovenskih dr\u017eavnih tekmovanjih kot tudi mednarodnih glasbenih tekmovanj v Trstu (2000, Italija), Picardie (2004, Francija), Beograd (2005, Srbija) in Braunschweig (2011, Nem\u010dija).<\/p>\n<p>Njegovo delo kot solo flavtist vklju\u010duje orkestre kot so Berliner Symphoniker, Filharmonia Sudecka, Philharmonisches Orchestre des Staatstheaters Cottbus, Evian Festival Orchestra, Mozart Sinfonietta Salzburgu, Neues Kammerorchester Potsdamu, Philharmonie der Nationen in drugi.<\/p>\n<p>Od leta 2010 je pou\u010duje na Akademiji za glasbo v Splitu, Hrva\u0161ka. Kot del svojih pedago\u0161kih dejavnosti vodi te\u010daje flavte po Hrva\u0161ki, Bosni, Sloveniji in tudi na Japonskem.<br \/>\nKot solist in komorni glasbenik je nastopal na \u0161tevilnih festivalih. Koncertne dejavnosti ga vodijo po vsej Evropi, ZDA, Japonski, Kitajski, Ju\u017eni Koreji, Vietnamu in Al\u017eiriji.<\/p>\n<p>Objavil je ve\u010d zgo\u0161\u010denk; s Triom Susak (flavta, saksofon, klavir), z flavtistom Borisom Bizjakom in pianistko Yoko Misumi z glasbo za dve flavti in klavir posnet za londonski Hedone Records. Pred kratkim je posnel dve zgo\u0161\u010denki nem\u0161ke romanti\u010dne glasbe za flavto in klavir s svojo dolgoletno pianistko Minko Popovi\u0107-Ganev, kot tudi zgo\u0161\u010denko v \u017eivo s koncerta improvizacije z pianistko Tino Mauko in harmonikarjem Juretom Torijem.<\/p>\n<p>Je umetni\u0161ki vodja Mednarodnega glasbenega festivala \u201cUrsus\u201d v Sloveniji<\/p>\n","protected":false},"excerpt":{"rendered":"<p class=\"post-excerpt\">Flavtist Marko Zupan ima pestro mednarodno kariero kot solist, komorni partner, orkesterski glasbenik, improvizator, aran\u017eer in profesor. Diplomiral je na&#8230;<\/p>\n","protected":false},"author":1,"featured_media":0,"parent":0,"menu_order":0,"comment_status":"closed","ping_status":"closed","template":"","meta":[],"_links":{"self":[{"href":"http:\/\/festivalursus.com\/index.php?rest_route=\/wp\/v2\/pages\/3023"}],"collection":[{"href":"http:\/\/festivalursus.com\/index.php?rest_route=\/wp\/v2\/pages"}],"about":[{"href":"http:\/\/festivalursus.com\/index.php?rest_route=\/wp\/v2\/types\/page"}],"author":[{"embeddable":true,"href":"http:\/\/festivalursus.com\/index.php?rest_route=\/wp\/v2\/users\/1"}],"replies":[{"embeddable":true,"href":"http:\/\/festivalursus.com\/index.php?rest_route=%2Fwp%2Fv2%2Fcomments&post=3023"}],"version-history":[{"count":4,"href":"http:\/\/festivalursus.com\/index.php?rest_route=\/wp\/v2\/pages\/3023\/revisions"}],"predecessor-version":[{"id":3129,"href":"http:\/\/festivalursus.com\/index.php?rest_route=\/wp\/v2\/pages\/3023\/revisions\/3129"}],"wp:attachment":[{"href":"http:\/\/festivalursus.com\/index.php?rest_route=%2Fwp%2Fv2%2Fmedia&parent=3023"}],"curies":[{"name":"wp","href":"https:\/\/api.w.org\/{rel}","templated":true}]}}