{"id":3311,"date":"2021-06-22T08:11:51","date_gmt":"2021-06-22T08:11:51","guid":{"rendered":"http:\/\/festivalursus.com\/?page_id=3311"},"modified":"2021-06-22T08:14:43","modified_gmt":"2021-06-22T08:14:43","slug":"nika-svarc-violoncelo","status":"publish","type":"page","link":"http:\/\/festivalursus.com\/?page_id=3311&lang=sl","title":{"rendered":"Nika \u0160varc &#8211; violon\u010delo"},"content":{"rendered":"<p><a href=\"http:\/\/festivalursus.com\/wp-content\/uploads\/2021\/06\/Nika.jpeg\" target=\"_blank\" rel=\"noopener\"><img decoding=\"async\" loading=\"lazy\" class=\"aligncenter wp-image-3312 size-medium\" src=\"http:\/\/festivalursus.com\/wp-content\/uploads\/2021\/06\/Nika-300x225.jpeg\" alt=\"\" width=\"300\" height=\"225\" srcset=\"http:\/\/festivalursus.com\/wp-content\/uploads\/2021\/06\/Nika-300x225.jpeg 300w, http:\/\/festivalursus.com\/wp-content\/uploads\/2021\/06\/Nika-768x576.jpeg 768w, http:\/\/festivalursus.com\/wp-content\/uploads\/2021\/06\/Nika.jpeg 915w\" sizes=\"(max-width: 300px) 100vw, 300px\" \/><\/a><\/p>\n<p style=\"text-align: center;\">Nika \u0160varc je pri\u010dela z glasbenim izobra\u017eevanjem pri osmih letih pod<br \/>\nvodstvom o\u010deta Igorja \u0160varca. Leta 2009 se je vpisala na De\u017eelni<br \/>\nkonservatorij za glasbo v Celovcu, kjer se je u\u010dila v razredu Igorja Mitrovi\u0107a<br \/>\nin leta 2013 z odliko zaklju\u010dila diplomski \u0161tudij. Nika se je redno udele\u017eevala<br \/>\ndr\u017eavnih tekmovanj TEMSIG, kjer je leta 2009 prejela tretjo in leta 2012<br \/>\ndrugo nagrado. V \u010dasu \u0161tudija v Celovcu je ve\u010dkrat koncertirala na matinejah<br \/>\navstrijskega radia ORF, izvedla Variacije na rokokojsko temo P. I.<br \/>\n\u010cajkovskega kot solistka s KSO orkestrom v celov\u0161ki Koncertni dvorani,<br \/>\nigrala s pianistom Davorinom Morijem v ciklu GM oder v organizaciji<br \/>\nGlasbene mladine Slovenije ter nastopila kot solistka z orkestrom Mladi<br \/>\nljubljanski solisti. Leta 2011 je Nika iz velike ljubezni do komorne glasbe v<br \/>\nCelovcu osnovala godalni kvartet Furiant, v katerem igra \u0161e dandanes. Leta<br \/>\n2013 je bila kot \u010dlanica kvarteta sprejeta na magistrski \u0161tudij komorne glasbe<br \/>\nna Visoki \u0161oli za glasbo Hanns Eisler v Berlinu, v razred priznanega profesorja<br \/>\nEberharda Feltza. Oktobra 2016 so \u0161tirje \u010dlani kvarteta uspe\u0161no zaklju\u010dili<br \/>\n\u0161tudij v Berlinu in sedaj koncertirajo ter pou\u010dujejo po Evropi in svetu. Zaradi<br \/>\n\u017eelje po nadaljnjem izobra\u017eevanju kvartet trenutno deluje pod mentorstvom<br \/>\nprofesorja Heimeja M\u00fcllerja, biv\u0161ega \u010dlana svetovno poznanega godalnega<br \/>\nkvarteta Artemis. Od leta 2017 Nika nastopa v duu s pianistko Marino<br \/>\nPanovo.<\/p>\n<p style=\"text-align: center;\">Nika je kot \u010dlanica Furiant kvarteta ve\u010dkratna nagrajenka na mednarodnih tekmovanjih. Na tekmovanju za nagrado Boris Pergamen\u0161\u010dikov 2016 v Berlinu je kvartet prejel prvo nagrado, na tekmovanju za evropske mlade godalne kvartete fundacije Irene Steels-Wilsing v Berlinu, prav tako leta 2016, pa tretjo. Oktobra leta 2015 se je Nika vpisala v solisti\u010dni \u0161tudij violon\u010dela na Visoki \u0161oli za glasbo in igro v Rostocku pri profesorjih Thomasu Kaufmannu in Valentinu Radutiu ter leta 2019 zaklju\u010dila prvo stopnjo. Magistrski \u0161tudij violon\u010dela nadaljuje v razredu profesorice Natalie Clein. Med njene pomembnej\u0161e koncerte sodijo nastopi na festivalih Rheingau, Bodensko jezero, Gezeitenkonzerte ter Brahmsov festival v Nem\u010diji, na festivalih Stellenbosch v Ju\u017eni Afriki, Aix-en-Provence v Franciji, W\u00f6rthersee v Avstriji, Eufonia v Romuniji, v koncertnem ciklu Amici della Musica v Vidmu in Archipelago concerti v Benetkah; v Sloveniji pa v koncertni sezoni DPG Koper Amabile, v sklopu Hi\u0161e kulture v Celju, na Festivalu Lent v Mariboru, v sezoni Imaga Slovenije v Ljubljani in na Ursus festivalu v Podkumu. Na festivalu Eufonia leta 2018 je Nika v okviru mojstrskega te\u010daja prvi\u010d pou\u010devala komorno glasbo.<br \/>\nKot solistka in komorna glasbenica se je Nika izpopolnjevala pri \u010dlanih kvarteta Casals, Belcea, Artemis, Kuss, Hagen, pri Heimeju M\u00fcllerju, G\u00fcnterju Pichlerju, Donaldu Weilersteinu, Gerhardu Schulzu, Reinerju Schmidtu, Jens-Petru Maintzu, Leonidu Gorokhovu, Kristin von der Goltz in drugih.<br \/>\nNiko poleg stare zanima tudi sodobna glasba. Sodelovala je z znanimi skladatelji, kot so Helmut Lachenmann, Mart\u00f3n Illes ter Matija Kre\u010di\u010d; s kvartetom je posnela skladbo Gran Torso Helmuta Lachenmanna in leta 2019 krstno izvedla novo skladbo Hur-ter II, ki jo je po naro\u010dilu za kvartet napisal Mart\u00f3n Illes. Pomemben del Nikinega glasbenega izra\u017eanja je tudi igranje baro\u010dnega \u010dela. Od leta 2011 do 2019 je bila Nika \u010dlanica in \u0161tipendistka fundacije Yehudi Menuhin Live Music Now, katere namen je glasbo pribli\u017eati ranljivim skupinam ljudi, ki nimajo mo\u017enosti obiska koncertnih dvoran. Med njimi so bili hudo bolni, ostareli, otroci iz socialno ogro\u017eenih dru\u017ein&#8230; Nika redno nastopa na pou\u010dnih koncertih za otroke in od leta 2019, v \u017eelji, da bi svoje znanje posredovala mlaj\u0161im generacijam, pou\u010duje violon\u010delo na glasbeni \u0161oli City-West v Berlinu. Nikin \u0161tudij je podprlo Ministrstvo za kulturo, fundacija Ad Infinitum, Ob\u010dina Izola in Dr. Peter Hauber, ki Niki iz osebne zbirke posoja violon\u010delo.<\/p>\n","protected":false},"excerpt":{"rendered":"<p class=\"post-excerpt\">Nika \u0160varc je pri\u010dela z glasbenim izobra\u017eevanjem pri osmih letih pod vodstvom o\u010deta Igorja \u0160varca. Leta 2009 se je vpisala&#8230;<\/p>\n","protected":false},"author":1,"featured_media":0,"parent":0,"menu_order":0,"comment_status":"closed","ping_status":"closed","template":"","meta":[],"_links":{"self":[{"href":"http:\/\/festivalursus.com\/index.php?rest_route=\/wp\/v2\/pages\/3311"}],"collection":[{"href":"http:\/\/festivalursus.com\/index.php?rest_route=\/wp\/v2\/pages"}],"about":[{"href":"http:\/\/festivalursus.com\/index.php?rest_route=\/wp\/v2\/types\/page"}],"author":[{"embeddable":true,"href":"http:\/\/festivalursus.com\/index.php?rest_route=\/wp\/v2\/users\/1"}],"replies":[{"embeddable":true,"href":"http:\/\/festivalursus.com\/index.php?rest_route=%2Fwp%2Fv2%2Fcomments&post=3311"}],"version-history":[{"count":3,"href":"http:\/\/festivalursus.com\/index.php?rest_route=\/wp\/v2\/pages\/3311\/revisions"}],"predecessor-version":[{"id":3315,"href":"http:\/\/festivalursus.com\/index.php?rest_route=\/wp\/v2\/pages\/3311\/revisions\/3315"}],"wp:attachment":[{"href":"http:\/\/festivalursus.com\/index.php?rest_route=%2Fwp%2Fv2%2Fmedia&parent=3311"}],"curies":[{"name":"wp","href":"https:\/\/api.w.org\/{rel}","templated":true}]}}