{"id":3628,"date":"2023-06-08T08:25:44","date_gmt":"2023-06-08T08:25:44","guid":{"rendered":"http:\/\/festivalursus.com\/?page_id=3628"},"modified":"2023-07-03T14:37:41","modified_gmt":"2023-07-03T14:37:41","slug":"luka-mitev-fagot","status":"publish","type":"page","link":"http:\/\/festivalursus.com\/?page_id=3628&lang=sl","title":{"rendered":"Luka Mitev &#8211; fagot"},"content":{"rendered":"<p><a href=\"http:\/\/festivalursus.com\/wp-content\/uploads\/2023\/07\/IMG-20230612-WA0005.jpg\"><img decoding=\"async\" loading=\"lazy\" class=\"aligncenter size-medium wp-image-3716\" src=\"http:\/\/festivalursus.com\/wp-content\/uploads\/2023\/07\/IMG-20230612-WA0005-300x200.jpg\" alt=\"\" width=\"300\" height=\"200\" srcset=\"http:\/\/festivalursus.com\/wp-content\/uploads\/2023\/07\/IMG-20230612-WA0005-300x200.jpg 300w, http:\/\/festivalursus.com\/wp-content\/uploads\/2023\/07\/IMG-20230612-WA0005-1024x683.jpg 1024w, http:\/\/festivalursus.com\/wp-content\/uploads\/2023\/07\/IMG-20230612-WA0005-768x512.jpg 768w, http:\/\/festivalursus.com\/wp-content\/uploads\/2023\/07\/IMG-20230612-WA0005-1536x1025.jpg 1536w, http:\/\/festivalursus.com\/wp-content\/uploads\/2023\/07\/IMG-20230612-WA0005-1140x760.jpg 1140w, http:\/\/festivalursus.com\/wp-content\/uploads\/2023\/07\/IMG-20230612-WA0005.jpg 2048w\" sizes=\"(max-width: 300px) 100vw, 300px\" \/><\/a><\/p>\n<p>&nbsp;<\/p>\n<p>Fagotist Luka Mitev, rojen 16. decembra 1997 v Postojni, se je za\u010del fagot u\u010diti pri o\u010detu Zoranu Mitevu. \u017de na prvih nastopih in tekmovanjih je opozoril nase s prepri\u010dljivo igro in visokimi odli\u010dji.<br \/>\nKot solist se je prvi\u010d predstavil kot dvanajstletni de\u010dek s pihalnim orkestrom ter kasneje tudi z Obalnim komornim orkestrom in Godalnim orkestrom G\u0160 Postojna.<br \/>\nUdele\u017eil se je ve\u010d dr\u017eavnih in mednarodnih tekmovanj in dosegal visoke rezultate: zlata plaketa in 1. nagrada (TEMSIG 2010, 2013, 2016), finalist slovenskega izbora za Evrovizijskega mladega glasbenika 2014 in 2016, 1. nagrada in lavreat, 100 to\u010dk (S. Mokranjac, Po\u017earevac, 2006), 1. nagrada, 100 to\u010dk (D. Jenko, Beograd, 2007, 2010, 2013, 2014), 1. nagrada (OFF; Kr\u0161ko, 2009), finalist tekmovanja EMONA 2012 (4. mesto, Ljubljana) ter 1. nagrada in posebna nagrada za najbolj\u0161o izvedbo obvezne skladbe na mednarodnem radijskem tekmovanju Concertino Praga (Praga 2013).<br \/>\nPredstavil se je na \u0161tevilnih recitalih v okviru Glasbene mladine ljubljanske, Festivala Ljubljana ter Glasbene mladine Slovenije. Ob spremljavi orkestra je izvedel Vivaldijev, Mozartov, Francaixov ter \u0160kerjan\u010dev koncert za fagot. (RTV simfoniki, simfoniki \u010de\u0161kega radia). Leta 2015 je bil prejemnik \u0160kerjan\u010deve nagrade za izjemne uspehe na podro\u010dju glasbe, ki jo podeljuje Konservatorij za glasbo in balet Ljubljana. Redno sodeluje na mednarodnih komornih festivalih (Ferrara Chamber Music Academy, Ljubljana Festival, Festival Lent, Rheingau Musik Festival, Bolzano Festival Bozen, Young Euro Classic, Grafenegg Festival, BBC Proms, Mozartwoche, itd.), v preteklih sezonah je sodeloval tudi na ve\u010djih turnejah mladinskega orkestra EUYO. Povabljen je bil na eno najve\u010djih tekmovanj \u201cpra\u0161ka pomlad\u201d (Prague spring) ter spomladansko turnejo GMJO v letu 2020, ampak sta bila oba dogodka zaradi pandemije prestavljena oziroma odpovedana. Redno sodeluje z orkestri kot so Simfoni\u010dni orkester bavarskega radia (BRSO), Mahler Chamber Orchestra (MCO), Spira Mirabilis, Rundfunksinfonieorchester Berlin (RSB), itd.<br \/>\nJe \u0161tipendist Ministrstva za kulturo republike Slovenije za \u0161tudij na univerzi Mozarteum v Salzburgu pri profesorju Marcu Postinghelu, kjer je Junija 2021 z odliko zaklju\u010dil dodiplomski \u0161tudij, sedaj pa svojo \u0161tudijsko pot, prav tako kot \u0161tipendist, nadaljuje na visoki \u0161oli za glasbo \u201eHanns Eisler\u201d v Berlinu pri profesorju Volkerju Tessmannu. Od januarja 2022 je \u010dlan Karajanove akademija berlinskih filharmonikov \u2014 Karajan Akademie der Berliner Philharmoniker.<br \/>\nRedno se udele\u017euje \u0161tevilnih seminarjev in se izpopolnjuje pri priznanih glasbenikih in profesorjih (Sergio Azzolini, Gustavo N\u00fa\u00f1ez, Giorgio Mandolesi, Emmanuel Pahud, Stefano Canuti, Radovan Vlatkovi\u0107, Stefan Schilli, Ole Kristian Dahl).<\/p>\n<p>&nbsp;<\/p>\n","protected":false},"excerpt":{"rendered":"<p class=\"post-excerpt\">&nbsp; Fagotist Luka Mitev, rojen 16. decembra 1997 v Postojni, se je za\u010del fagot u\u010diti pri o\u010detu Zoranu Mitevu. \u017de&#8230;<\/p>\n","protected":false},"author":1,"featured_media":0,"parent":0,"menu_order":0,"comment_status":"closed","ping_status":"closed","template":"","meta":[],"_links":{"self":[{"href":"http:\/\/festivalursus.com\/index.php?rest_route=\/wp\/v2\/pages\/3628"}],"collection":[{"href":"http:\/\/festivalursus.com\/index.php?rest_route=\/wp\/v2\/pages"}],"about":[{"href":"http:\/\/festivalursus.com\/index.php?rest_route=\/wp\/v2\/types\/page"}],"author":[{"embeddable":true,"href":"http:\/\/festivalursus.com\/index.php?rest_route=\/wp\/v2\/users\/1"}],"replies":[{"embeddable":true,"href":"http:\/\/festivalursus.com\/index.php?rest_route=%2Fwp%2Fv2%2Fcomments&post=3628"}],"version-history":[{"count":5,"href":"http:\/\/festivalursus.com\/index.php?rest_route=\/wp\/v2\/pages\/3628\/revisions"}],"predecessor-version":[{"id":3725,"href":"http:\/\/festivalursus.com\/index.php?rest_route=\/wp\/v2\/pages\/3628\/revisions\/3725"}],"wp:attachment":[{"href":"http:\/\/festivalursus.com\/index.php?rest_route=%2Fwp%2Fv2%2Fmedia&parent=3628"}],"curies":[{"name":"wp","href":"https:\/\/api.w.org\/{rel}","templated":true}]}}