{"id":870,"date":"2016-05-14T17:48:01","date_gmt":"2016-05-14T17:48:01","guid":{"rendered":"http:\/\/festivalursus.com\/?page_id=870"},"modified":"2016-10-04T18:09:42","modified_gmt":"2016-10-04T18:09:42","slug":"ursus-2015-2","status":"publish","type":"page","link":"http:\/\/festivalursus.com\/?page_id=870&lang=sl","title":{"rendered":"II. &#8220;Ursus&#8221; 2015"},"content":{"rendered":"<p><img decoding=\"async\" loading=\"lazy\" class=\"aligncenter wp-image-629\" src=\"http:\/\/festivalursus.com\/wp-content\/uploads\/2016\/05\/10003623_799882623443038_4328799357881271817_o-1-1024x393.jpg\" alt=\"10003623_799882623443038_4328799357881271817_o\" width=\"550\" height=\"211\" srcset=\"http:\/\/festivalursus.com\/wp-content\/uploads\/2016\/05\/10003623_799882623443038_4328799357881271817_o-1-1024x393.jpg 1024w, http:\/\/festivalursus.com\/wp-content\/uploads\/2016\/05\/10003623_799882623443038_4328799357881271817_o-1-300x115.jpg 300w, http:\/\/festivalursus.com\/wp-content\/uploads\/2016\/05\/10003623_799882623443038_4328799357881271817_o-1-768x295.jpg 768w, http:\/\/festivalursus.com\/wp-content\/uploads\/2016\/05\/10003623_799882623443038_4328799357881271817_o-1-1140x438.jpg 1140w, http:\/\/festivalursus.com\/wp-content\/uploads\/2016\/05\/10003623_799882623443038_4328799357881271817_o-1-552x212.jpg 552w, http:\/\/festivalursus.com\/wp-content\/uploads\/2016\/05\/10003623_799882623443038_4328799357881271817_o-1.jpg 1232w\" sizes=\"(max-width: 550px) 100vw, 550px\" \/><\/p>\n<p><em>&#8220;Brez glasbe bi bilo \u017eivljenje zmota&#8221; <\/em><br \/>\n&#8211; Friedrich Nietzsche<\/p>\n<p>Dragi obiskovalci!<\/p>\n<p>Leto je naokrog in zopet se odpirajo vrata koncertnega skednja na doma\u010diji Medved v Podkumu! Po lanskoletnih navdu\u0161enih odzivih tako poslu\u0161alcev kot tudi nastopajo\u010dih je postalo o\u010ditno, da prina\u0161a Mednarodni glasbeni festival \u201cUrsus\u201d dobrodo\u0161lo popestritev glasbeno-kulturnega dogajanja v osrednji Sloveniji. Tokrat bo poudarek na multinacionalnosti, me\u0161anju kulturnih vplivov in posledi\u010dnem bogatenjem osebne in s tem tudi narodne kulturne identitete.<br \/>\nPriznani vrhunski glasbeniki prihajajo iz povsem razli\u010dnih koncev sveta: Kitajske, Venezuele, Srbije, Hrva\u0161ke, Italije in Slovenije. Vsak s svojo bogato tradicijo in zna\u010dilnim individualnim pristopom nam bodo predstavili izredno zanimiv in raznovrsten program.<br \/>\nOtvoritveni koncert bo zaobjel dela nekaterih najpomembnej\u0161ih predstavnikov evropskega baroka. Francoski balet, \u010de\u0161ka muzikalnost, italijanski temperament in nem\u0161ki kontrapunkt se bodo dopolnjevali v kompozicijah za pihalne in\u0161trumente \u2013 za na\u0161e kraje eksoti\u010dna kombinacija: dve flavti, fagot in \u010dembalo.<br \/>\nRuski mojster neoklasicizma, Sergej Prokofjev, je svojo glasbeno pravljico napisal za otro\u0161ki teater v Moskvi z namenom kultiviranja glasbenega okusa otrok od prvih \u0161olskih let naprej. Glasba bo zvenela ob avtorskih ilustracijah Teje Ple\u010dnik, pripovedovala bo vsestranska Nika Vogri\u010d De\u017eman. Otroci rastejo, namen ostaja isti.<br \/>\nZaklju\u010dni koncert pa nas bo popeljal na pot okrog sveta. Japonski slikar Hokusai Katsuhika oziroma \u201cstarec nor na slikanje\u201d, kot se je podpisoval, je najverjetneje \u201ckriv\u201d za razvoj impresionizma v Franciji. Stoletje kasneje je skladatelj Toru Takemitsu svoj trio napisal kot hommage velikemu vzorniku Claudu Debussyju. Krog se vrti. Slavni indijski sitarist Ravi Shankar, italijanski operni velikan Giacomo Puccini, sodobni \u0161panski komponist Manuel Moreno-Buendia in ju\u017enoameri\u0161ki flavtist\/komponist Efraim Oscher bodo to glasbeno potovanje skupaj z nami zaklu\u010dili, kjer se je tudi za\u010delo \u2013 v Podkumu.<\/p>\n<p>V vsako stvar, ki ima za nas vrednost, je potrebno vlo\u017eiti trud. Najbr\u017e je prav vlo\u017eeni trud tej dolo\u010deni stvari dal vrednost, ki jo za nas ima. Za glasbenika je to glasba; za poslu\u0161alca do\u017eivetje koncerta. Vlo\u017eeni trud v tem primeru pa je pot do doma\u010dije Medved v Podkumu, ki traja to\u010dno toliko \u010dasa, kolikor je potrebno, da se \u010dlovek umiri, izprazni glavo in se pripravi na \u2026<\/p>\n<p>Vabljeni!<\/p>\n<p>Marko Zupan,<br \/>\numetni\u0161ki vodja<\/p>\n<p>&nbsp;<\/p>\n<p><a href=\"http:\/\/festivalursus.com\/?page_id=909&amp;lang=sl\" target=\"_blank\"><img decoding=\"async\" loading=\"lazy\" class=\"aligncenter wp-image-623\" src=\"http:\/\/festivalursus.com\/wp-content\/uploads\/2016\/05\/Ursus-Barok-2015-page-001-4-1-724x1024.jpg\" alt=\"Ursus-Barok-2015-page-001-4\" width=\"550\" height=\"778\" srcset=\"http:\/\/festivalursus.com\/wp-content\/uploads\/2016\/05\/Ursus-Barok-2015-page-001-4-1-724x1024.jpg 724w, http:\/\/festivalursus.com\/wp-content\/uploads\/2016\/05\/Ursus-Barok-2015-page-001-4-1-212x300.jpg 212w, http:\/\/festivalursus.com\/wp-content\/uploads\/2016\/05\/Ursus-Barok-2015-page-001-4-1-768x1087.jpg 768w, http:\/\/festivalursus.com\/wp-content\/uploads\/2016\/05\/Ursus-Barok-2015-page-001-4-1-1140x1613.jpg 1140w, http:\/\/festivalursus.com\/wp-content\/uploads\/2016\/05\/Ursus-Barok-2015-page-001-4-1-552x781.jpg 552w, http:\/\/festivalursus.com\/wp-content\/uploads\/2016\/05\/Ursus-Barok-2015-page-001-4-1.jpg 1447w\" sizes=\"(max-width: 550px) 100vw, 550px\" \/><\/a><a href=\"http:\/\/festivalursus.com\/?page_id=1071&amp;lang=sl\" target=\"_blank\"><img decoding=\"async\" loading=\"lazy\" class=\"aligncenter wp-image-624\" src=\"http:\/\/festivalursus.com\/wp-content\/uploads\/2016\/05\/Ursus-Prokofjev-2015-page-001-5-1-724x1024.jpg\" alt=\"Ursus-Prokofjev-2015-page-001-5\" width=\"550\" height=\"778\" srcset=\"http:\/\/festivalursus.com\/wp-content\/uploads\/2016\/05\/Ursus-Prokofjev-2015-page-001-5-1-724x1024.jpg 724w, http:\/\/festivalursus.com\/wp-content\/uploads\/2016\/05\/Ursus-Prokofjev-2015-page-001-5-1-212x300.jpg 212w, http:\/\/festivalursus.com\/wp-content\/uploads\/2016\/05\/Ursus-Prokofjev-2015-page-001-5-1-768x1087.jpg 768w, http:\/\/festivalursus.com\/wp-content\/uploads\/2016\/05\/Ursus-Prokofjev-2015-page-001-5-1-1140x1613.jpg 1140w, http:\/\/festivalursus.com\/wp-content\/uploads\/2016\/05\/Ursus-Prokofjev-2015-page-001-5-1-552x781.jpg 552w, http:\/\/festivalursus.com\/wp-content\/uploads\/2016\/05\/Ursus-Prokofjev-2015-page-001-5-1.jpg 1447w\" sizes=\"(max-width: 550px) 100vw, 550px\" \/><\/a><a href=\"http:\/\/festivalursus.com\/?page_id=1137&amp;lang=sl\" target=\"_blank\"><img decoding=\"async\" loading=\"lazy\" class=\"aligncenter wp-image-625\" src=\"http:\/\/festivalursus.com\/wp-content\/uploads\/2016\/05\/Ursus-World-2015-1-724x1024.jpg\" alt=\"Ursus-World-2015\" width=\"550\" height=\"778\" srcset=\"http:\/\/festivalursus.com\/wp-content\/uploads\/2016\/05\/Ursus-World-2015-1-724x1024.jpg 724w, http:\/\/festivalursus.com\/wp-content\/uploads\/2016\/05\/Ursus-World-2015-1-212x300.jpg 212w, http:\/\/festivalursus.com\/wp-content\/uploads\/2016\/05\/Ursus-World-2015-1-768x1087.jpg 768w, http:\/\/festivalursus.com\/wp-content\/uploads\/2016\/05\/Ursus-World-2015-1-1140x1613.jpg 1140w, http:\/\/festivalursus.com\/wp-content\/uploads\/2016\/05\/Ursus-World-2015-1-552x781.jpg 552w, http:\/\/festivalursus.com\/wp-content\/uploads\/2016\/05\/Ursus-World-2015-1.jpg 1447w\" sizes=\"(max-width: 550px) 100vw, 550px\" \/><\/a> <a href=\"http:\/\/festivalursus.com\/?page_id=1121&amp;lang=sl\" target=\"_blank\"><img decoding=\"async\" loading=\"lazy\" class=\"aligncenter wp-image-633\" src=\"http:\/\/festivalursus.com\/wp-content\/uploads\/2016\/05\/11947953_853634674734499_1870211556516753503_o-1-724x1024.jpg\" alt=\"11947953_853634674734499_1870211556516753503_o\" width=\"550\" height=\"778\" srcset=\"http:\/\/festivalursus.com\/wp-content\/uploads\/2016\/05\/11947953_853634674734499_1870211556516753503_o-1-724x1024.jpg 724w, http:\/\/festivalursus.com\/wp-content\/uploads\/2016\/05\/11947953_853634674734499_1870211556516753503_o-1-212x300.jpg 212w, http:\/\/festivalursus.com\/wp-content\/uploads\/2016\/05\/11947953_853634674734499_1870211556516753503_o-1-768x1087.jpg 768w, http:\/\/festivalursus.com\/wp-content\/uploads\/2016\/05\/11947953_853634674734499_1870211556516753503_o-1-1140x1613.jpg 1140w, http:\/\/festivalursus.com\/wp-content\/uploads\/2016\/05\/11947953_853634674734499_1870211556516753503_o-1-552x781.jpg 552w, http:\/\/festivalursus.com\/wp-content\/uploads\/2016\/05\/11947953_853634674734499_1870211556516753503_o-1.jpg 1447w\" sizes=\"(max-width: 550px) 100vw, 550px\" \/><\/a><\/p>\n","protected":false},"excerpt":{"rendered":"<p class=\"post-excerpt\">&#8220;Brez glasbe bi bilo \u017eivljenje zmota&#8221; &#8211; Friedrich Nietzsche Dragi obiskovalci! Leto je naokrog in zopet se odpirajo vrata koncertnega&#8230;<\/p>\n","protected":false},"author":1,"featured_media":0,"parent":0,"menu_order":0,"comment_status":"closed","ping_status":"closed","template":"","meta":[],"_links":{"self":[{"href":"http:\/\/festivalursus.com\/index.php?rest_route=\/wp\/v2\/pages\/870"}],"collection":[{"href":"http:\/\/festivalursus.com\/index.php?rest_route=\/wp\/v2\/pages"}],"about":[{"href":"http:\/\/festivalursus.com\/index.php?rest_route=\/wp\/v2\/types\/page"}],"author":[{"embeddable":true,"href":"http:\/\/festivalursus.com\/index.php?rest_route=\/wp\/v2\/users\/1"}],"replies":[{"embeddable":true,"href":"http:\/\/festivalursus.com\/index.php?rest_route=%2Fwp%2Fv2%2Fcomments&post=870"}],"version-history":[{"count":6,"href":"http:\/\/festivalursus.com\/index.php?rest_route=\/wp\/v2\/pages\/870\/revisions"}],"predecessor-version":[{"id":1721,"href":"http:\/\/festivalursus.com\/index.php?rest_route=\/wp\/v2\/pages\/870\/revisions\/1721"}],"wp:attachment":[{"href":"http:\/\/festivalursus.com\/index.php?rest_route=%2Fwp%2Fv2%2Fmedia&parent=870"}],"curies":[{"name":"wp","href":"https:\/\/api.w.org\/{rel}","templated":true}]}}