{"id":957,"date":"2016-05-15T11:52:40","date_gmt":"2016-05-15T11:52:40","guid":{"rendered":"http:\/\/festivalursus.com\/?page_id=957"},"modified":"2016-05-15T12:43:00","modified_gmt":"2016-05-15T12:43:00","slug":"barocno-sotocje","status":"publish","type":"page","link":"http:\/\/festivalursus.com\/?page_id=957&lang=sl","title":{"rendered":"Baro\u010dno soto\u010dje"},"content":{"rendered":"<p>Koncert 15.augusta 2014<\/p>\n<p>sodelujo\u010di:<\/p>\n<p>Boris Bizjak, flavta<br \/>\nMarko Zupan, flavta<br \/>\nJaka Stadler, violon\u010delo<br \/>\nDomen Marin\u010di\u010d, \u010dembalo<\/p>\n<p><iframe loading=\"lazy\" width=\"700\" height=\"394\" src=\"https:\/\/www.youtube.com\/embed\/F3_32nV_4IM?feature=oembed\" frameborder=\"0\" allowfullscreen><\/iframe><\/p>\n<p><a href=\"http:\/\/festivalursus.com\/wp-content\/uploads\/2016\/05\/9-5.jpg\" target=\"_blank\"><img decoding=\"async\" loading=\"lazy\" class=\"alignnone wp-image-967 size-medium\" src=\"http:\/\/festivalursus.com\/wp-content\/uploads\/2016\/05\/9-5-300x188.jpg\" alt=\"9\" width=\"300\" height=\"188\" srcset=\"http:\/\/festivalursus.com\/wp-content\/uploads\/2016\/05\/9-5-300x188.jpg 300w, http:\/\/festivalursus.com\/wp-content\/uploads\/2016\/05\/9-5-768x480.jpg 768w, http:\/\/festivalursus.com\/wp-content\/uploads\/2016\/05\/9-5-552x345.jpg 552w, http:\/\/festivalursus.com\/wp-content\/uploads\/2016\/05\/9-5.jpg 800w\" sizes=\"(max-width: 300px) 100vw, 300px\" \/><\/a><a href=\"http:\/\/festivalursus.com\/wp-content\/uploads\/2016\/05\/1-3.jpg\" target=\"_blank\"><img decoding=\"async\" loading=\"lazy\" class=\"alignnone wp-image-959 size-medium\" src=\"http:\/\/festivalursus.com\/wp-content\/uploads\/2016\/05\/1-3-300x188.jpg\" alt=\"1\" width=\"300\" height=\"188\" srcset=\"http:\/\/festivalursus.com\/wp-content\/uploads\/2016\/05\/1-3-300x188.jpg 300w, http:\/\/festivalursus.com\/wp-content\/uploads\/2016\/05\/1-3-768x480.jpg 768w, http:\/\/festivalursus.com\/wp-content\/uploads\/2016\/05\/1-3-552x345.jpg 552w, http:\/\/festivalursus.com\/wp-content\/uploads\/2016\/05\/1-3.jpg 800w\" sizes=\"(max-width: 300px) 100vw, 300px\" \/><\/a> <a href=\"http:\/\/festivalursus.com\/wp-content\/uploads\/2016\/05\/2-3.jpg\" target=\"_blank\"><img decoding=\"async\" loading=\"lazy\" class=\"alignnone wp-image-960 size-medium\" src=\"http:\/\/festivalursus.com\/wp-content\/uploads\/2016\/05\/2-3-300x188.jpg\" alt=\"2\" width=\"300\" height=\"188\" srcset=\"http:\/\/festivalursus.com\/wp-content\/uploads\/2016\/05\/2-3-300x188.jpg 300w, http:\/\/festivalursus.com\/wp-content\/uploads\/2016\/05\/2-3-768x480.jpg 768w, http:\/\/festivalursus.com\/wp-content\/uploads\/2016\/05\/2-3-552x345.jpg 552w, http:\/\/festivalursus.com\/wp-content\/uploads\/2016\/05\/2-3.jpg 800w\" sizes=\"(max-width: 300px) 100vw, 300px\" \/><\/a> <a href=\"http:\/\/festivalursus.com\/wp-content\/uploads\/2016\/05\/3-5.jpg\" target=\"_blank\"><img decoding=\"async\" loading=\"lazy\" class=\"alignnone wp-image-961 size-medium\" src=\"http:\/\/festivalursus.com\/wp-content\/uploads\/2016\/05\/3-5-300x188.jpg\" alt=\"3\" width=\"300\" height=\"188\" srcset=\"http:\/\/festivalursus.com\/wp-content\/uploads\/2016\/05\/3-5-300x188.jpg 300w, http:\/\/festivalursus.com\/wp-content\/uploads\/2016\/05\/3-5-768x480.jpg 768w, http:\/\/festivalursus.com\/wp-content\/uploads\/2016\/05\/3-5-552x345.jpg 552w, http:\/\/festivalursus.com\/wp-content\/uploads\/2016\/05\/3-5.jpg 800w\" sizes=\"(max-width: 300px) 100vw, 300px\" \/><\/a> <a href=\"http:\/\/festivalursus.com\/wp-content\/uploads\/2016\/05\/4-3.jpg\" target=\"_blank\"><img decoding=\"async\" loading=\"lazy\" class=\"alignnone wp-image-962 size-medium\" src=\"http:\/\/festivalursus.com\/wp-content\/uploads\/2016\/05\/4-3-300x188.jpg\" alt=\"4\" width=\"300\" height=\"188\" srcset=\"http:\/\/festivalursus.com\/wp-content\/uploads\/2016\/05\/4-3-300x188.jpg 300w, http:\/\/festivalursus.com\/wp-content\/uploads\/2016\/05\/4-3-768x480.jpg 768w, http:\/\/festivalursus.com\/wp-content\/uploads\/2016\/05\/4-3-552x345.jpg 552w, http:\/\/festivalursus.com\/wp-content\/uploads\/2016\/05\/4-3.jpg 800w\" sizes=\"(max-width: 300px) 100vw, 300px\" \/><\/a> <a href=\"http:\/\/festivalursus.com\/wp-content\/uploads\/2016\/05\/8-5.jpg\" target=\"_blank\"><img decoding=\"async\" loading=\"lazy\" class=\"alignnone wp-image-966 size-medium\" src=\"http:\/\/festivalursus.com\/wp-content\/uploads\/2016\/05\/8-5-300x188.jpg\" alt=\"8\" width=\"300\" height=\"188\" srcset=\"http:\/\/festivalursus.com\/wp-content\/uploads\/2016\/05\/8-5-300x188.jpg 300w, http:\/\/festivalursus.com\/wp-content\/uploads\/2016\/05\/8-5-768x480.jpg 768w, http:\/\/festivalursus.com\/wp-content\/uploads\/2016\/05\/8-5-552x345.jpg 552w, http:\/\/festivalursus.com\/wp-content\/uploads\/2016\/05\/8-5.jpg 800w\" sizes=\"(max-width: 300px) 100vw, 300px\" \/><\/a><a href=\"http:\/\/festivalursus.com\/wp-content\/uploads\/2016\/05\/5-3.jpg\" target=\"_blank\"><img decoding=\"async\" loading=\"lazy\" class=\"alignnone wp-image-963 size-medium\" src=\"http:\/\/festivalursus.com\/wp-content\/uploads\/2016\/05\/5-3-300x188.jpg\" alt=\"5\" width=\"300\" height=\"188\" srcset=\"http:\/\/festivalursus.com\/wp-content\/uploads\/2016\/05\/5-3-300x188.jpg 300w, http:\/\/festivalursus.com\/wp-content\/uploads\/2016\/05\/5-3-768x480.jpg 768w, http:\/\/festivalursus.com\/wp-content\/uploads\/2016\/05\/5-3-552x345.jpg 552w, http:\/\/festivalursus.com\/wp-content\/uploads\/2016\/05\/5-3.jpg 800w\" sizes=\"(max-width: 300px) 100vw, 300px\" \/><\/a>\u00a0<a href=\"http:\/\/festivalursus.com\/wp-content\/uploads\/2016\/05\/6-5.jpg\" target=\"_blank\"><img decoding=\"async\" loading=\"lazy\" class=\"alignnone wp-image-964 size-medium\" src=\"http:\/\/festivalursus.com\/wp-content\/uploads\/2016\/05\/6-5-300x188.jpg\" alt=\"6\" width=\"300\" height=\"188\" srcset=\"http:\/\/festivalursus.com\/wp-content\/uploads\/2016\/05\/6-5-300x188.jpg 300w, http:\/\/festivalursus.com\/wp-content\/uploads\/2016\/05\/6-5-768x480.jpg 768w, http:\/\/festivalursus.com\/wp-content\/uploads\/2016\/05\/6-5-552x345.jpg 552w, http:\/\/festivalursus.com\/wp-content\/uploads\/2016\/05\/6-5.jpg 800w\" sizes=\"(max-width: 300px) 100vw, 300px\" \/><\/a> <a href=\"http:\/\/festivalursus.com\/wp-content\/uploads\/2016\/05\/7-5.jpg\" target=\"_blank\"><img decoding=\"async\" loading=\"lazy\" class=\"alignnone wp-image-965 size-medium\" src=\"http:\/\/festivalursus.com\/wp-content\/uploads\/2016\/05\/7-5-300x188.jpg\" alt=\"7\" width=\"300\" height=\"188\" srcset=\"http:\/\/festivalursus.com\/wp-content\/uploads\/2016\/05\/7-5-300x188.jpg 300w, http:\/\/festivalursus.com\/wp-content\/uploads\/2016\/05\/7-5-768x480.jpg 768w, http:\/\/festivalursus.com\/wp-content\/uploads\/2016\/05\/7-5-552x345.jpg 552w, http:\/\/festivalursus.com\/wp-content\/uploads\/2016\/05\/7-5.jpg 800w\" sizes=\"(max-width: 300px) 100vw, 300px\" \/><\/a><\/p>\n<p><strong>Boris Bizjak<\/strong> (Slovenija)<\/p>\n<p><a href=\"http:\/\/festivalursus.com\/wp-content\/uploads\/2016\/05\/boris-br2-1.jpg\" target=\"_blank\"><img decoding=\"async\" loading=\"lazy\" class=\"alignleft wp-image-640 size-medium\" src=\"http:\/\/festivalursus.com\/wp-content\/uploads\/2016\/05\/boris-br2-1-200x300.jpg\" alt=\"boris-br2\" width=\"200\" height=\"300\" srcset=\"http:\/\/festivalursus.com\/wp-content\/uploads\/2016\/05\/boris-br2-1-200x300.jpg 200w, http:\/\/festivalursus.com\/wp-content\/uploads\/2016\/05\/boris-br2-1-768x1152.jpg 768w, http:\/\/festivalursus.com\/wp-content\/uploads\/2016\/05\/boris-br2-1-683x1024.jpg 683w, http:\/\/festivalursus.com\/wp-content\/uploads\/2016\/05\/boris-br2-1-1140x1710.jpg 1140w, http:\/\/festivalursus.com\/wp-content\/uploads\/2016\/05\/boris-br2-1-552x828.jpg 552w, http:\/\/festivalursus.com\/wp-content\/uploads\/2016\/05\/boris-br2-1.jpg 1365w\" sizes=\"(max-width: 200px) 100vw, 200px\" \/><\/a><\/p>\n<p>Flavtist Boris Bizjak je \u0161tudiral na Akademiji za glasbo v Ljubljani pri prof. Fedji Ruplu in kasneje kon\u010dal podiplomsko specializacijo na \u201cEcole Normale de Musique de Paris Alfred Cortot\u201d pri prof. Pierre Yves Artaud-u (CNSMDP), kjer je pridobil \u201cDiplome superieur de concertiste\u201d. Boris je osvajal prve nagrade tako doma kot v tujini. Bil je prvonagrajenec mednarodnega tekmovanja v Pikardiji, Francija. V Sloveniji je bil trikrat prvonagrajenec TEMSIG-a kot solist in dvakrat v komorni zasebi. Koncertiral je kot solist in komorni glasbenik v Sloveniji, Veliki Britaniji, Franciji, Italiji, Nem\u010diji, Austriji, Cipru, Hrva\u0161ki, Srbiji, Nizozemski in Kitajski. Njegove izvedbe so bile predvajane<br \/>\nna RTV Slovenija ter Radiju in televiziji Nice. Trenutno deluje kot samostojni glasbenik v Londonu, kjer je poleg koncertiranja ustanovil Hedone Records.<\/p>\n<p><strong>Marko Zupan<\/strong> (Slovenija)<\/p>\n<p><a href=\"http:\/\/festivalursus.com\/wp-content\/uploads\/2016\/05\/Marko1-1.jpg\" target=\"_blank\"><img decoding=\"async\" loading=\"lazy\" class=\"alignleft wp-image-643 size-medium\" src=\"http:\/\/festivalursus.com\/wp-content\/uploads\/2016\/05\/Marko1-1-300x216.jpg\" alt=\"Marko1\" width=\"300\" height=\"216\" srcset=\"http:\/\/festivalursus.com\/wp-content\/uploads\/2016\/05\/Marko1-1-300x216.jpg 300w, http:\/\/festivalursus.com\/wp-content\/uploads\/2016\/05\/Marko1-1-768x553.jpg 768w, http:\/\/festivalursus.com\/wp-content\/uploads\/2016\/05\/Marko1-1-1024x737.jpg 1024w, http:\/\/festivalursus.com\/wp-content\/uploads\/2016\/05\/Marko1-1-1140x820.jpg 1140w, http:\/\/festivalursus.com\/wp-content\/uploads\/2016\/05\/Marko1-1-552x397.jpg 552w, http:\/\/festivalursus.com\/wp-content\/uploads\/2016\/05\/Marko1-1.jpg 2048w\" sizes=\"(max-width: 300px) 100vw, 300px\" \/><\/a>Marko Zupan se je flavto za\u010del u\u010diti v glasbeni \u0161oli v Zagorju. Po kon\u010dani Akademiji za glasbo v Ljubljani je \u0161tudij nadaljeval v Parizu (Pierre-Yves Artaud), kjer je osvojil Diplome superiere de Concertiste in zatem \u0161e v na Mozarteumu v Salzburgu (Irena Grafenauer). Izpopolnjeval se je na mojstrskih te\u010dajih pri priznanih svetovnih flavtistih, kot so Aurele Nicolet, Peter-Lukas Graf in Emmanuel Pahud. V tem \u010dasu je bil nagrajenec \u0161tevilnih dr\u017eavnih in mednarodnih tekmovanj (Trst, Picardie, Beograd, Braunschweig). V letu 2008 je bil solo flavtist Sudetske filharmonije in leto kasneje Dr\u017eavnega brandenbur\u0161kega teatra v Cootbusu. Od leta 2009 \u017eivi in deluje kot svobodni umetnik v Berlinu. Koncertira kot solist, v razli\u010dnih komornih zasedbah in kot solo flavtist igra v orkestrih Berliner Symphoniker, Philharmonie der Nationen, Evian Festival Orchestra in Neues Kammerorchester Potsdam. Njegova glasbena pot ga je popeljala po celi Evropi, Zdru\u017eenih dr\u017eavah Amerike, Kitajski, Vietnamu, Japonski in Al\u017eiriji.<br \/>\nPred kratkim je posnel dve CD plo\u0161\u010di. eno s Triom Susak (flavta, saksofon, klavir) in drugo z flavtistom Borisom Bizjakom in pianistko Yoko Misumi z deli klasi\u010dnega in romanti\u010dnega repertoarja.<br \/>\nJe asistent na Akademiji za glasbo Splitu in voditelj mojstrskega te\u010daja za flavto v Ka\u0161teli (Hrva\u0161ka), leta 2013 pa je pri zalo\u017ebi Svitzer izdal orkestrske sole za flavto v prirebi za kvartet flavt, pedago\u0161ko metodo za \u0161tudij zahtevnega orkestrskega repertoarja.<br \/>\nJe ustanovitelj in umetni\u0161ki vodja Mednarodnega glasbenega festivala Ursus.<\/p>\n<p><strong>Jaka Stadler<\/strong> (Slovenija)<\/p>\n<p><a href=\"http:\/\/festivalursus.com\/wp-content\/uploads\/2016\/05\/J_Stadler_199-1.jpg\" target=\"_blank\"><img decoding=\"async\" loading=\"lazy\" class=\"alignleft wp-image-749 size-medium\" src=\"http:\/\/festivalursus.com\/wp-content\/uploads\/2016\/05\/J_Stadler_199-1-300x199.jpg\" alt=\"Jaka Stadler\" width=\"300\" height=\"199\" srcset=\"http:\/\/festivalursus.com\/wp-content\/uploads\/2016\/05\/J_Stadler_199-1-300x199.jpg 300w, http:\/\/festivalursus.com\/wp-content\/uploads\/2016\/05\/J_Stadler_199-1-768x510.jpg 768w, http:\/\/festivalursus.com\/wp-content\/uploads\/2016\/05\/J_Stadler_199-1-1024x680.jpg 1024w, http:\/\/festivalursus.com\/wp-content\/uploads\/2016\/05\/J_Stadler_199-1-1140x757.jpg 1140w, http:\/\/festivalursus.com\/wp-content\/uploads\/2016\/05\/J_Stadler_199-1-552x367.jpg 552w, http:\/\/festivalursus.com\/wp-content\/uploads\/2016\/05\/J_Stadler_199-1.jpg 2048w\" sizes=\"(max-width: 300px) 100vw, 300px\" \/><\/a>Violon\u010delist Jaka Stadler (rojen leta 1983 v Ljubljani) se je za\u010del u\u010diti violon\u010delo s sedmimi leti. Prve uspehe je dosegel v razredu prof. Igorja Mitrovi\u0107a na Glasbeni \u0161oli Vi\u010d-Rudnik,s petnajstimi leti se je kot izredno nadarjen u\u010denec \u017ee vpisal na Akademijo za glasbo v Ljubljani,tam pa je tudi diplomiral (2002) v razredu prof. Cirila \u0160kerjanca. Med \u0161tudijem je sodeloval na \u0161tevilnih tekmovanjih doma in v tujini,ter osvojil sedem najvi\u0161jih priznanj. Od leta 2000 do leta 2003 je bil \u010dlan Mednarodnega orkestra Gustav Mahler in solo\u010delist Mlade M\u00fcnchenske filharmonije. Ob koncu \u0161tudija v Ljubljani je prejel \u0161tudentsko Pre\u0161ernovo nagrado Univerze. 2003 je med 40 kandidati uspe\u0161no opravil avdicijo za Akademijo Simfoni\u010dnega orkestra bavarskega radia ter se hkrati vpisal na podiplomski \u0161tudij na Visoki soli za glasbo v razred prof . Wenn-Sinn Yanga. Hkrati se je izpopolnjeval pri priznanih pedagogih kot so David Geringas, Martin Ostertag, Wolfgang Boettcher, Franz Helmerson itd. 2005 je za svoje delo prejel pomembno nagrado Evropskega Kulturnega sklada.Kot solist je nastopil z orkestrom Slovenske filharmonije,Zagrebsko filharmonijo ter filharmonicnim orkestrom iz Qatarja. Do sedaj je pod vodstvom priznanih dirigentov, kot so Claudio Abaddo, Mariss Jansons in Lorin Maazel, nastopal v izjemnih orkestrih (Orkester Bavarske dr\u017eavne opere, Bamber\u0161ki simfoniki, Mladinski orkester Gustava Mahlerja, Simfonicni orkester Bavarskega radia\u2026) Med letoma 2008 in 2010 je bil prvi solo\u010delist filharmoni\u010dnega orkestra v Katarju, septembra 2010 pa je postal redni \u010dlan Simfoni\u010dnega orkestra Bavarskega radia.<\/p>\n<p><strong>Domen Marin\u010di\u010d<\/strong> (Slovenija)<\/p>\n<p><a href=\"http:\/\/festivalursus.com\/wp-content\/uploads\/2016\/05\/Domen-Marincic-foto-Jana-Jocif-2-1.jpg\" target=\"_blank\"><img decoding=\"async\" loading=\"lazy\" class=\"alignleft wp-image-750 size-medium\" src=\"http:\/\/festivalursus.com\/wp-content\/uploads\/2016\/05\/Domen-Marincic-foto-Jana-Jocif-2-1-200x300.jpg\" alt=\"Domen-Marincic-foto-Jana-Jocif-2\" width=\"200\" height=\"300\" srcset=\"http:\/\/festivalursus.com\/wp-content\/uploads\/2016\/05\/Domen-Marincic-foto-Jana-Jocif-2-1-200x300.jpg 200w, http:\/\/festivalursus.com\/wp-content\/uploads\/2016\/05\/Domen-Marincic-foto-Jana-Jocif-2-1-768x1154.jpg 768w, http:\/\/festivalursus.com\/wp-content\/uploads\/2016\/05\/Domen-Marincic-foto-Jana-Jocif-2-1-681x1024.jpg 681w, http:\/\/festivalursus.com\/wp-content\/uploads\/2016\/05\/Domen-Marincic-foto-Jana-Jocif-2-1-1140x1713.jpg 1140w, http:\/\/festivalursus.com\/wp-content\/uploads\/2016\/05\/Domen-Marincic-foto-Jana-Jocif-2-1-552x830.jpg 552w, http:\/\/festivalursus.com\/wp-content\/uploads\/2016\/05\/Domen-Marincic-foto-Jana-Jocif-2-1.jpg 1363w\" sizes=\"(max-width: 200px) 100vw, 200px\" \/><\/a><strong>Domen Marin\u010di\u010d<\/strong> je \u0161tudiral \u010dembalo pri Carstnu Lohffu v N\u00fcrnbergu in kon\u010dal podiplomski \u0161tudij generalnega basa pri Albertu Rinaldiju na Visoki \u0161oli za glasbo Trossingen. \u0160tudiral je tudi violo da gamba pri Hartwigu Grothu in Philippu Pierlotu. Leta 1997 in 2000 je dobil nagradi na mednarodnem tekmovanju Bach-Abel v K\u00f6thnu. Soustanovil je slovenski ansambel za staro glasbo musica cubicularis in zavod Harmonia Antiqua Labacensis. Ve\u010d let je igral v belgijskem ansamblu Ricercar Consort, zadnja leta pa veliko nastopa po vsej Evropi, v Kanadi in na Bli\u017enjem Vzhodu s flavtistom Stefanom Temminghom in ansamblom Ensemble Phoenix Munich. Kot \u010dembalist sodeluje z raznimi slovenskimi orkestri. Sodeloval je pri snemanju ve\u010d kakor dvajsetih zgo\u0161\u010denk za zalo\u017ebe, kot so Aeolus, Ricercar, Oehms Classics, Sony in Harmonia Mundi France. Med letoma 2005 in 2009 je predaval generalni bas in partiturno igro na Oddelku za muzikologijo Filozofske Fakultete v Ljubljani. Za razne izvedbe in notne izdaje je rekonstruiral manjkajo\u010de parte \u0161tevilnih skladb 17. in 18. stoletja. Od leta 2005 redno pripravlja oddaje za 3. program ARS Radia Slovenija. Od leta 2007 je umetni\u0161ki vodja Festivala Radovljica, od leta 2011 pa sooblikuje tudi koncertni cikel HARMONIA CONCERTANS \u2013 Stara glasba na Novem trgu.<\/p>\n","protected":false},"excerpt":{"rendered":"<p class=\"post-excerpt\">Koncert 15.augusta 2014 sodelujo\u010di: Boris Bizjak, flavta Marko Zupan, flavta Jaka Stadler, violon\u010delo Domen Marin\u010di\u010d, \u010dembalo \u00a0 Boris Bizjak (Slovenija)&#8230;<\/p>\n","protected":false},"author":1,"featured_media":0,"parent":0,"menu_order":0,"comment_status":"closed","ping_status":"closed","template":"","meta":[],"_links":{"self":[{"href":"http:\/\/festivalursus.com\/index.php?rest_route=\/wp\/v2\/pages\/957"}],"collection":[{"href":"http:\/\/festivalursus.com\/index.php?rest_route=\/wp\/v2\/pages"}],"about":[{"href":"http:\/\/festivalursus.com\/index.php?rest_route=\/wp\/v2\/types\/page"}],"author":[{"embeddable":true,"href":"http:\/\/festivalursus.com\/index.php?rest_route=\/wp\/v2\/users\/1"}],"replies":[{"embeddable":true,"href":"http:\/\/festivalursus.com\/index.php?rest_route=%2Fwp%2Fv2%2Fcomments&post=957"}],"version-history":[{"count":6,"href":"http:\/\/festivalursus.com\/index.php?rest_route=\/wp\/v2\/pages\/957\/revisions"}],"predecessor-version":[{"id":968,"href":"http:\/\/festivalursus.com\/index.php?rest_route=\/wp\/v2\/pages\/957\/revisions\/968"}],"wp:attachment":[{"href":"http:\/\/festivalursus.com\/index.php?rest_route=%2Fwp%2Fv2%2Fmedia&parent=957"}],"curies":[{"name":"wp","href":"https:\/\/api.w.org\/{rel}","templated":true}]}}